{"id":3366,"date":"2021-12-05T18:26:48","date_gmt":"2021-12-05T17:26:48","guid":{"rendered":"https:\/\/e-okulistyka.pl\/?page_id=3366"},"modified":"2021-12-05T18:26:48","modified_gmt":"2021-12-05T17:26:48","slug":"psycholog-bychawa-lublin","status":"publish","type":"page","link":"https:\/\/testtest.dfirma.pl\/index.php\/psycholog-bychawa-lublin\/","title":{"rendered":"Psycholog Bychawa, Lublin &#8211; poradnia dla dzieci i m\u0142odzie\u017cy"},"content":{"rendered":"<p>[vc_row][vc_column][vc_empty_space height=&#8221;64px&#8221;][vc_custom_heading text=&#8221;O nas \/ Psycholog Bychawa, Lublin&#8221; font_container=&#8221;tag:h2|text_align:center&#8221; use_theme_fonts=&#8221;yes&#8221; rs_decor_place=&#8221;2&#8243;][\/vc_custom_heading][vc_empty_space][\/vc_column][\/vc_row][vc_row][vc_column][vc_column_text]Nasza poradnia powsta\u0142a z my\u015bl\u0105, obj\u0119cia opiek\u0105 psychologiczn\u0105 oraz terapi\u0105 dzieci, m\u0142odzie\u017c jak i ich opiekun\u00f3w. Przy\u015bwieca nam idea, \u017ce jedynie kompleksowa pomoc obejmuj\u0105ca pacjenta jak i jego otoczenie mo\u017ce by\u0107 skuteczna. W zwi\u0105zku z tym chcemy zaoferowa\u0107 wsparcie i terapi\u0119, tym kt\u00f3rzy jej potrzebuj\u0105. W uzyskaniu prawid\u0142owego rozwoju oraz funkcjonowaniu w \u015brodowisku domowym, szkolnym oraz r\u00f3wie\u015bniczym. Rozpoczynaj\u0105c od rzetelnej diagnozy, poprzez profesjonaln\u0105 terapi\u0119, pragniemy pokaza\u0107 pacjentom, \u017ce s\u0105 w stanie zmierzy\u0107 si\u0119 z trudno\u015bciami jakie napotkali na swojej drodze.<\/p>\n<p>W procesie diagnozy i terapii zale\u017cy nam na wsp\u00f3\u0142pracy z rodzicami i opiekunami oraz zaanga\u017cowaniu ich w prac\u0119 dziecka na zaj\u0119ciach. W\u0142\u0105czenie rodzic\u00f3w\/opiekun\u00f3w w proces terapeutyczny ma za zadanie u\u0142atwi\u0107 pokonywanie trudno\u015bci i problem\u00f3w.<\/p>\n<p>Proces terapeutyczny pragniemy uczyni\u0107 dla pacjenta efektywnym oraz atrakcyjnym, st\u0105d te\u017c doskonalimy sw\u00f3j warsztat zawodowy, a podczas zaj\u0119\u0107 wykorzystujemy nowoczesne pomoce dydaktyczne przeznaczone do terapii dzieci i m\u0142odzie\u017cy\/ Psycholog Bychawa, Lublin.<\/p>\n<p>[\/vc_column_text][\/vc_column][\/vc_row][vc_row][vc_column][vc_empty_space height=&#8221;64px&#8221;][vc_custom_heading text=&#8221;Oferta&#8221; font_container=&#8221;tag:h2|text_align:center&#8221; use_theme_fonts=&#8221;yes&#8221; rs_decor_place=&#8221;2&#8243;][\/vc_custom_heading][vc_empty_space][vc_column_text]Nasza Poradnia jest miejscem szczeg\u00f3lnie przyjaznym dzieciom. Oferta dla najm\u0142odszych zosta\u0142a dopracowana w ka\u017cdym szczeg\u00f3le tak, aby\u015bmy mogli pom\u00f3c im rozwija\u0107 si\u0119 w ka\u017cdym kierunku.<\/p>\n<p>\u015awiadczenia w Poradni realizowane s\u0105 dla dzieci i m\u0142odzie\u017cy obj\u0119tej obowi\u0105zkiem szkolnym i obowi\u0105zkiem nauki oraz m\u0142odych doros\u0142ych kszta\u0142c\u0105cych si\u0119 w szko\u0142ach ponadpodstawowych, jednak nie p\u00f3\u017aniej ni\u017c do uko\u0144czenia 21 roku \u017cycia a tak\u017ce ich rodzin lub opiekun\u00f3w prawnych.<\/p>\n<p>\u015awiadczenia w Poradni udzielane s\u0105 bezp\u0142atnie i bez skierowania.<br \/>\nW naszej Poradni najm\u0142odsi pacjenci oraz ich rodziny otrzymaj\u0105 opiek\u0119 wykwalifikowanej kadry \u2013 psycholog\u00f3w oraz psychoterapeut\u00f3w.<br \/>\nDla dzieci i m\u0142odzie\u017cy, kt\u00f3re borykaj\u0105 si\u0119 z r\u00f3\u017cnymi zaburzeniami zar\u00f3wno zachowania, jak i emocjonalnymi, ale nie wymagaj\u0105 interwencji psychiatry. \/ Psycholog Bychawa, Lublin<br \/>\n[\/vc_column_text][vc_custom_heading text=&#8221;Je\u017celi Twoje dziecko:&#8221; font_container=&#8221;tag:h5|text_align:left&#8221; use_theme_fonts=&#8221;yes&#8221; rs_decor_place=&#8221;2&#8243;][\/vc_custom_heading][vc_column_text]<\/p>\n<ul>\n<li>wymaga diagnostyki psychologicznej (diagnoza rozwoju intelektualnego, dojrza\u0142o\u015bci emocjonalnej),<\/li>\n<li>ma problemy z koncentracj\u0105 uwagi a w konsekwencji z nauk\u0105,<\/li>\n<li>przejawia trudno\u015bci adaptacyjne, jest nie\u015bmia\u0142e, zal\u0119knione, ma problemy natury emocjonalnej,<\/li>\n<li>jest agresywne i nie stosuje si\u0119 do przyj\u0119tych zasad spo\u0142ecznych,<\/li>\n<li>prze\u017cy\u0142o traumatyczne zdarzenie (rozw\u00f3d rodzic\u00f3w, \u015bmier\u0107 lub choroba kogo\u015b bliskiego, wypadek, izolacj\u0119),<\/li>\n<li>cz\u0119sto wchodzi w konflikty,<\/li>\n<li>nie m\u00f3wi w okre\u015blonych sytuacjach (w kt\u00f3rych m\u00f3wienie jest oczekiwane, np. w szkole, w przedszkolu, w obecno\u015bci okre\u015blonych os\u00f3b), w innych natomiast m\u00f3wi normalnie.<\/li>\n<\/ul>\n<p>[\/vc_column_text][vc_custom_heading text=&#8221;Lub uwa\u017casz, \u017ce przydadz\u0105 mu si\u0119:&#8221; font_container=&#8221;tag:h5|text_align:left&#8221; use_theme_fonts=&#8221;yes&#8221; rs_decor_place=&#8221;2&#8243;][\/vc_custom_heading][vc_column_text]<\/p>\n<ul>\n<li>techniki skutecznego uczenia si\u0119,<\/li>\n<li>kompetencje z zakresu inteligencji emocjonalnej,<\/li>\n<li>umiej\u0119tno\u015bci tworzenia zdrowych relacji.<\/li>\n<\/ul>\n<p>[\/vc_column_text][\/vc_column][\/vc_row][vc_row][vc_column][vc_column_text]Cz\u0119sto bywa tak, \u017ce nie do ko\u0144ca jeste\u015bmy w stanie sprecyzowa\u0107, czego dotyczy problem, jednocze\u015bnie wyczuwaj\u0105c jego istnienie.<\/p>\n<p>Je\u015bli wydaje Ci si\u0119, \u017ce Twoje dziecko potrzebuje specjalistycznej opieki i wsparcia, ale nie wiesz, jakiego rodzaju pomoc by\u0142aby najlepsza \u2013 skontaktuj si\u0119 z Poradni\u0105, by, wsp\u00f3lnie ze specjalist\u0105, ustali\u0107, jakiego wsparcia lub pomocy Twoje dziecko potrzebuje.<\/p>\n<p>Fachowe spojrzenie na rozw\u00f3j Twojego dziecka pozwala nam dostrzec wszystkie obszary wymagaj\u0105ce wsparcia.<br \/>\n<strong>Psychologowie oraz psychoterapeuci<\/strong> stosuj\u0105 si\u0119 do Kodeksu Etyczno-Zawodowego Psychologa oraz Psychoterapeuty, przestrzegaj\u0105 tajemnicy zawodowej \u2013 <strong>dbaj\u0105c o dyskrecj\u0119<\/strong>. \/ Psycholog Bychawa, Lublin[\/vc_column_text][\/vc_column][\/vc_row][vc_row][vc_column][vc_empty_space height=&#8221;64px&#8221;][vc_custom_heading text=&#8221;Zasady pracy&#8221; font_container=&#8221;tag:h2|text_align:center&#8221; use_theme_fonts=&#8221;yes&#8221; rs_decor_place=&#8221;2&#8243;][\/vc_custom_heading][vc_empty_space][\/vc_column][\/vc_row][vc_row][vc_column][vc_column_text]W ramach \u015bwiadczonych us\u0142ug psychologicznych oferujemy zar\u00f3wno poradnictwo psychologiczne jak i psychoterapi\u0119.<\/p>\n<p>Ka\u017cdy proces pomocy rozpoczyna si\u0119 od diagnostyki, kt\u00f3ra obejmuje wywiad z rodzicami lub opiekunami dziecka jak r\u00f3wnie\u017c rozmow\u0119 z dzieckiem lub m\u0142odzie\u017c\u0105. W procesie diagnozy poza rozmow\u0105 (wywiadem) mog\u0105 by\u0107 u\u017cyte testy psychologiczne. Testy psychologiczne s\u0105 technikami nieinwazyjnymi, wymagaj\u0105cymi jedynie zaanga\u017cowania uwagi oraz czasem wykonania rysunku lub u\u0142o\u017cenia klock\u00f3w. Oczywi\u015bcie ka\u017cdorazowo zar\u00f3wno potencjalny pacjent jak i jego opiekunowie pytani s\u0105 o zgod\u0119 i w ka\u017cdej chwili mog\u0105 odst\u0105pi\u0107 od zalecanych czynno\u015bci. Proces diagnozy w naszej poradni wsparty jest arkuszem wywiadu, kt\u00f3ry otrzymuje rodzic lub opiekun na pierwszej wizycie.<\/p>\n<p>Po zako\u0144czonym procesie diagnozy, kt\u00f3ry trwa, najcz\u0119\u015bciej, do 3 spotka\u0144 psycholog proponuje najbardziej adekwatn\u0105 form\u0119 pomocy. Pomoc mo\u017ce by\u0107 zaproponowana w nast\u0119puj\u0105cych obszarach:<\/p>\n<ul>\n<li>poradnictwo psychologiczne indywidualne lub rodzinne,<\/li>\n<li>psychoterapia indywidualna,<\/li>\n<li>wsparcie dla dziecka,<\/li>\n<li>psychoedukacj\u0119 rodzic\u00f3w,<\/li>\n<li>zalecenia co do oddzia\u0142ywa\u0144 w \u015brodowisku pacjenta,<\/li>\n<li>zalecenia dla rodzic\u00f3w.<\/li>\n<\/ul>\n<p>Zapraszamy na stron\u0119 dedykowan\u0105 dla poradni psychologicznych &gt; <a href=\"http:\/\/poradniapsychologiczna.e-okulistyka.pl\/\">http:\/\/poradniapsychologiczna.e-okulistyka.pl\/<\/a><\/p>\n<p>[\/vc_column_text][\/vc_column][\/vc_row][vc_row el_id=&#8221;kontakt&#8221;][vc_column][vc_empty_space height=&#8221;64px&#8221;][vc_custom_heading text=&#8221;Nasi Specjali\u015bci&#8221; font_container=&#8221;tag:h2|text_align:center&#8221; use_theme_fonts=&#8221;yes&#8221; rs_decor_place=&#8221;2&#8243;][\/vc_custom_heading][vc_empty_space][\/vc_column][\/vc_row][vc_row][vc_column width=&#8221;2\/3&#8243;][vc_custom_heading text=&#8221;Specjali\u015bci udzielaj\u0105cy \u015bwiadczenia w Lublinie:&#8221; font_container=&#8221;tag:h5|text_align:left&#8221; use_theme_fonts=&#8221;yes&#8221; rs_decor_place=&#8221;2&#8243;][\/vc_custom_heading][vc_column_text rsclass=&#8221;clean&#8221;][\/vc_column_text][vc_column_text]<\/p>\n<ul>\n<li>Adrianna Lalak &#8211; W\u0142osek<\/li>\n<li>Agata Por\u0119ba<\/li>\n<li>Agata Smolyn<\/li>\n<li>Agnieszka Litwin &#8211; Rabi\u0144ska<\/li>\n<li>Agnieszka Harnatkiewicz &#8211; Roso\u0142owska<\/li>\n<li>Agnieszka Rusin<\/li>\n<li>Aleksandra Iwaszko<\/li>\n<li>Aleksandra Kielch<\/li>\n<li>Aneta Choj\u0119ta<\/li>\n<li>Aneta Kraszewska &#8211; Orzechowska<\/li>\n<li>Aneta Krawczyk<\/li>\n<li>Anita Milanowska<\/li>\n<li>Anna Chemperek<\/li>\n<li>Anna Jab\u0142o\u0144ska<\/li>\n<li>Anna Kopczy\u0144ska<\/li>\n<li>Barbara Kufel<\/li>\n<li>Dominika Cynar<\/li>\n<li>Dorota Marsza\u0142ek<\/li>\n<li>Ewa Mocior<\/li>\n<li>Igor Dyjak<\/li>\n<li>Jaros\u0142aw Marsza\u0142ek<\/li>\n<li>Karolina Koper<\/li>\n<li>Karolina Sobiesiak<\/li>\n<li>Katarzyna Grucho\u0142a<\/li>\n<li>Katarzyna \u015awider<\/li>\n<li>Magdalena Pietnoczko<\/li>\n<li>Marek Szo\u0142dra<\/li>\n<li>Marta G\u0105ga\u0142a<\/li>\n<li>Marta Makara &#8211; Studzi\u0144ska<\/li>\n<li>Milena Pyzikowska<\/li>\n<li>Patrycja Kicman &#8211; Narojek<\/li>\n<li>Sylwia K\u0119dra<\/li>\n<\/ul>\n<p>[\/vc_column_text][\/vc_column][vc_column width=&#8221;1\/3&#8243;][vc_custom_heading text=&#8221;Kontakt:&#8221; font_container=&#8221;tag:h5|text_align:left&#8221; use_theme_fonts=&#8221;yes&#8221; rs_decor_place=&#8221;2&#8243;][\/vc_custom_heading][vc_column_text rsclass=&#8221;clean&#8221;]<\/p>\n<ul class=\"icn-list-lg\">\n<li>[medin_icon icon=&#8221;icon-placeholder-for-map-1&#8243;]ul. Rado\u015bci 9\/5a, 20-530 Lublin<\/li>\n<li>[medin_icon icon=&#8221;icon-telephone-1&#8243;]Telefon: <span class=\"theme-color\"><span class=\"text-nowrap\">81-744-02-72<\/span><\/span><\/li>\n<li>[medin_icon icon=&#8221;icon-telephone-1&#8243;]Telefon do koordynatora: <span class=\"theme-color\"><span class=\"text-nowrap\">607-337-338<\/span><\/span><\/li>\n<li>[medin_icon icon=&#8221;icon-black-envelope&#8221;]<a href=\"mailto:radosci@e-okulistyka.pl\">radosci@e-okulistyka.pl<\/a><\/li>\n<\/ul>\n<p>[\/vc_column_text][\/vc_column][\/vc_row][vc_row][vc_column][vc_empty_space][\/vc_column][\/vc_row][vc_row][vc_column width=&#8221;2\/3&#8243;][vc_custom_heading text=&#8221;Specjali\u015bci udzielaj\u0105cy \u015bwiadczenia w Bychawie:&#8221; font_container=&#8221;tag:h5|text_align:left&#8221; use_theme_fonts=&#8221;yes&#8221; rs_decor_place=&#8221;2&#8243;][\/vc_custom_heading][vc_column_text rsclass=&#8221;clean&#8221;][\/vc_column_text][vc_column_text]<\/p>\n<ul>\n<li>Aneta Kraszewska &#8211; Orzechowska<\/li>\n<li>Anna M\u0142ynarska &#8211; Szczotka<\/li>\n<li>Anna Kruszy\u0144ska<\/li>\n<li>Anna Chemperek<\/li>\n<li>Bernadetta Czubacka &#8211; Misterek<\/li>\n<li>Dorota Marsza\u0142ek<\/li>\n<li>El\u017cbieta Sobaszek<\/li>\n<li>Henryk Obara<\/li>\n<li>Igor Dyjak<\/li>\n<li>Jaros\u0142aw Marsza\u0142ek<\/li>\n<li>Katarzyna Gromadzka &#8211; B\u0142aszczak<\/li>\n<li>Katarzyna Jab\u0142o\u0144ska<\/li>\n<li>Karolina Sobiesiak<\/li>\n<li>Magdalena Sobiecka<\/li>\n<li>Magdalena Jaworska &#8211; Cioczek<\/li>\n<li>Marek Szo\u0142dra<\/li>\n<li>Marta Kozak<\/li>\n<li>Milena Nowacka &#8211; B\u0105ka\u0142a<\/li>\n<li>Paulina Szabelska<\/li>\n<li>Wioleta Firlej-Wojtalewicz<\/li>\n<\/ul>\n<p>[\/vc_column_text][\/vc_column][vc_column width=&#8221;1\/3&#8243;][vc_custom_heading text=&#8221;Kontakt:&#8221; font_container=&#8221;tag:h5|text_align:left&#8221; use_theme_fonts=&#8221;yes&#8221; rs_decor_place=&#8221;2&#8243;][\/vc_custom_heading][vc_column_text rsclass=&#8221;clean&#8221;]<\/p>\n<ul class=\"icn-list-lg\">\n<li>[medin_icon icon=&#8221;icon-placeholder-for-map-1&#8243;]ul. Pi\u0142sudskiego 63, 23-100 Bychawa<\/li>\n<li>[medin_icon icon=&#8221;icon-telephone-1&#8243;]Telefon: <span class=\"theme-color\"><span class=\"text-nowrap\">81-478-73-93<\/span><\/span><\/li>\n<li>[medin_icon icon=&#8221;icon-telephone-1&#8243;]Telefon do koordynatora: <span class=\"theme-color\"><span class=\"text-nowrap\">607-337-338<\/span><\/span><\/li>\n<li>[medin_icon icon=&#8221;icon-black-envelope&#8221;]<a href=\"mailto:pozbychawa@e-okulistyka.pl\">pozbychawa@e-okulistyka.pl<\/a><\/li>\n<\/ul>\n<p>[\/vc_column_text][\/vc_column][\/vc_row]<\/p>\n","protected":false},"excerpt":{"rendered":"<p>[vc_row][vc_column][vc_empty_space height=&#8221;64px&#8221;][vc_custom_heading text=&#8221;O nas \/ Psycholog Bychawa, Lublin&#8221; font_container=&#8221;tag:h2|text_align:center&#8221; use_theme_fonts=&#8221;yes&#8221; rs_decor_place=&#8221;2&#8243;][\/vc_custom_heading][vc_empty_space][\/vc_column][\/vc_row][vc_row][vc_column][vc_column_text]Nasza poradnia powsta\u0142a z my\u015bl\u0105, obj\u0119cia opiek\u0105 psychologiczn\u0105 oraz terapi\u0105 dzieci, m\u0142odzie\u017c jak i ich opiekun\u00f3w. Przy\u015bwieca nam idea, \u017ce jedynie kompleksowa pomoc obejmuj\u0105ca pacjenta jak i jego otoczenie mo\u017ce by\u0107 skuteczna. W zwi\u0105zku z tym chcemy zaoferowa\u0107 wsparcie i terapi\u0119, tym kt\u00f3rzy jej potrzebuj\u0105. [&hellip;]<\/p>\n","protected":false},"author":2,"featured_media":3601,"parent":0,"menu_order":0,"comment_status":"closed","ping_status":"closed","template":"custompagett.php","meta":{"footnotes":""},"class_list":["post-3366","page","type-page","status-publish","has-post-thumbnail","hentry"],"_links":{"self":[{"href":"https:\/\/testtest.dfirma.pl\/index.php\/wp-json\/wp\/v2\/pages\/3366","targetHints":{"allow":["GET"]}}],"collection":[{"href":"https:\/\/testtest.dfirma.pl\/index.php\/wp-json\/wp\/v2\/pages"}],"about":[{"href":"https:\/\/testtest.dfirma.pl\/index.php\/wp-json\/wp\/v2\/types\/page"}],"author":[{"embeddable":true,"href":"https:\/\/testtest.dfirma.pl\/index.php\/wp-json\/wp\/v2\/users\/2"}],"replies":[{"embeddable":true,"href":"https:\/\/testtest.dfirma.pl\/index.php\/wp-json\/wp\/v2\/comments?post=3366"}],"version-history":[{"count":0,"href":"https:\/\/testtest.dfirma.pl\/index.php\/wp-json\/wp\/v2\/pages\/3366\/revisions"}],"wp:featuredmedia":[{"embeddable":true,"href":"https:\/\/testtest.dfirma.pl\/index.php\/wp-json\/wp\/v2\/media\/3601"}],"wp:attachment":[{"href":"https:\/\/testtest.dfirma.pl\/index.php\/wp-json\/wp\/v2\/media?parent=3366"}],"curies":[{"name":"wp","href":"https:\/\/api.w.org\/{rel}","templated":true}]}}