{"id":2582,"date":"2021-05-07T21:01:14","date_gmt":"2021-05-07T19:01:14","guid":{"rendered":"https:\/\/e-okulistyka.pl\/?page_id=2582"},"modified":"2021-05-07T21:01:14","modified_gmt":"2021-05-07T19:01:14","slug":"lekarze-rodzinni-bychawa","status":"publish","type":"page","link":"https:\/\/testtest.dfirma.pl\/index.php\/lekarze-rodzinni-bychawa\/","title":{"rendered":"Lekarze Rodzinni Bychawa, Lublin \/ POZ"},"content":{"rendered":"<p>[vc_row][vc_column][vc_custom_heading text=&#8221;&#8221; font_container=&#8221;tag:h2|text_align:center&#8221; use_theme_fonts=&#8221;yes&#8221; rs_decor_place=&#8221;2&#8243;][\/vc_custom_heading][vc_separator color=&#8221;blue&#8221; style=&#8221;shadow&#8221;][vc_empty_space height=&#8221;64px&#8221;][\/vc_column][\/vc_row][vc_row][vc_column][vc_custom_heading text=&#8221;Dla m\u0119\u017cczyzn nale\u017cy pobra\u0107 2 wzory deklaracji: lekarz, piel\u0119gniarka oraz upowa\u017cnienie.&#8221; font_container=&#8221;tag:h5|text_align:center|color:%2326a7eb&#8221; use_theme_fonts=&#8221;yes&#8221; rs_decor_place=&#8221;2&#8243;][\/vc_custom_heading][vc_custom_heading text=&#8221;Dla kobiet nale\u017cy pobra\u0107 3 wzory deklaracji: lekarz, piel\u0119gniarka, po\u0142o\u017cna oraz upowa\u017cnienie.&#8221; font_container=&#8221;tag:h5|text_align:center|color:%2326a7eb&#8221; use_theme_fonts=&#8221;yes&#8221; rs_decor_place=&#8221;2&#8243;][\/vc_custom_heading][vc_row_inner][vc_column_inner width=&#8221;1\/4&#8243;][vc_icon icon_fontawesome=&#8221;fas fa-print&#8221; align=&#8221;center&#8221; css_animation=&#8221;fadeInDown&#8221; link=&#8221;url:http%3A%2F%2Foko.you2.pl%2Fwp-content%2Fuploads%2F2021%2F05%2FDeklaracja-lekarza-POZ.pdf|title:pobierz&#8221;][vc_column_text]<\/p>\n<p style=\"text-align: center;\">Deklaracja Lekarza POZ<\/p>\n<p>[\/vc_column_text][\/vc_column_inner][vc_column_inner width=&#8221;1\/4&#8243;][vc_icon icon_fontawesome=&#8221;fas fa-print&#8221; align=&#8221;center&#8221; css_animation=&#8221;fadeInDown&#8221; link=&#8221;url:http%3A%2F%2Foko.you2.pl%2Fwp-content%2Fuploads%2F2021%2F05%2FDeklaracja-pielegniarki-POZ.pdf|title:pobierz&#8221;][vc_column_text]<\/p>\n<p style=\"text-align: center;\">Deklaracja Piel\u0119gniarki POZ<\/p>\n<p>[\/vc_column_text][\/vc_column_inner][vc_column_inner width=&#8221;1\/4&#8243;][vc_icon icon_fontawesome=&#8221;fas fa-print&#8221; align=&#8221;center&#8221; css_animation=&#8221;fadeInDown&#8221; link=&#8221;url:http%3A%2F%2Foko.you2.pl%2Fwp-content%2Fuploads%2F2021%2F05%2FDeklaracja-poloznej-POZ.pdf|title:pobierz&#8221;][vc_column_text]<\/p>\n<p style=\"text-align: center;\">Deklaracja Po\u0142o\u017cnej POZ<\/p>\n<p>[\/vc_column_text][\/vc_column_inner][vc_column_inner width=&#8221;1\/4&#8243;][vc_icon icon_fontawesome=&#8221;fas fa-print&#8221; align=&#8221;center&#8221; css_animation=&#8221;fadeInDown&#8221; link=&#8221;url:http%3A%2F%2Foko.you2.pl%2Fwp-content%2Fuploads%2F2021%2F05%2FOswiadczenie-pacjenta-o-upowaznieniu.pdf|title:pobierz&#8221;][vc_column_text]<\/p>\n<p style=\"text-align: center;\">O\u015bwiadczenie pacjenta o upowa\u017cnieniu<\/p>\n<p>[\/vc_column_text][\/vc_column_inner][\/vc_row_inner][vc_empty_space height=&#8221;64px&#8221;][\/vc_column][\/vc_row][vc_row][vc_column][cq_vc_skewcard itemheight=&#8221;60&#8243; bgsize=&#8221;0&#8243; itembg=&#8221;#f1f1f1&#8243;][cq_vc_skewcard_item image=&#8221;3018&#8243; label=&#8221;Lekarze rodzinni Bychawa&#8221; caption=&#8221;Czytaj wi\u0119cej&#8221; isresize=&#8221;yes&#8221; imagelink=&#8221;url:%23lekarzpoz&#8221; icon_entypo=&#8221;entypo-icon entypo-icon-plus-circled&#8221; labelbg=&#8221;#81d742&#8243; overlaybg=&#8221;#26a7eb&#8221;][cq_vc_skewcard_item image=&#8221;3019&#8243; label=&#8221;Piel\u0119gniarka POZ&#8221; caption=&#8221;Czytaj wi\u0119cej&#8221; isresize=&#8221;yes&#8221; imagelink=&#8221;url:%23pielegniarkapoz&#8221; icon_entypo=&#8221;entypo-icon entypo-icon-plus-circled&#8221; labelbg=&#8221;#81d742&#8243; overlaybg=&#8221;#26a7eb&#8221;][cq_vc_skewcard_item image=&#8221;3020&#8243; label=&#8221;Po\u0142o\u017cna POZ&#8221; caption=&#8221;Czytaj wi\u0119cej&#8221; isresize=&#8221;yes&#8221; imagelink=&#8221;url:%23poloznapoz&#8221; icon_entypo=&#8221;entypo-icon entypo-icon-plus-circled&#8221; labelbg=&#8221;#81d742&#8243; overlaybg=&#8221;#26a7eb&#8221;][cq_vc_skewcard_item image=&#8221;3021&#8243; label=&#8221;Szczepienia COVID-19&#8243; caption=&#8221;Czytaj wi\u0119cej&#8221; isresize=&#8221;yes&#8221; imagelink=&#8221;url:%23szczepieniacovid19&#8243; icon_entypo=&#8221;entypo-icon entypo-icon-plus-circled&#8221; labelbg=&#8221;#81d742&#8243; overlaybg=&#8221;#26a7eb&#8221;][\/cq_vc_skewcard][vc_empty_space][\/vc_column][\/vc_row][vc_row][vc_column][cq_vc_skewcard itemheight=&#8221;60&#8243; bgsize=&#8221;0&#8243; itembg=&#8221;#f1f1f1&#8243;][cq_vc_skewcard_item image=&#8221;3022&#8243; label=&#8221;Teleporady&#8221; caption=&#8221;Czytaj wi\u0119cej&#8221; isresize=&#8221;&#8221; imagelink=&#8221;url:%23teleporady&#8221; icon_entypo=&#8221;entypo-icon entypo-icon-plus-circled&#8221; labelbg=&#8221;#81d742&#8243; overlaybg=&#8221;#26a7eb&#8221;][cq_vc_skewcard_item image=&#8221;3023&#8243; label=&#8221;Punkt Pobra\u0144&#8221; caption=&#8221;Czytaj wi\u0119cej&#8221; isresize=&#8221;yes&#8221; imagelink=&#8221;url:%23punktpobran&#8221; icon_entypo=&#8221;entypo-icon entypo-icon-plus-circled&#8221; labelbg=&#8221;#81d742&#8243; overlaybg=&#8221;#26a7eb&#8221;][cq_vc_skewcard_item image=&#8221;3024&#8243; label=&#8221;Promocja Zdrowia&#8221; caption=&#8221;Czytaj wi\u0119cej&#8221; isresize=&#8221;yes&#8221; imagelink=&#8221;url:%23promocjazdrowia&#8221; icon_entypo=&#8221;entypo-icon entypo-icon-plus-circled&#8221; labelbg=&#8221;#81d742&#8243; overlaybg=&#8221;#26a7eb&#8221;][cq_vc_skewcard_item image=&#8221;3025&#8243; label=&#8221;Sk\u0142adanie skarg i wniosk\u00f3w&#8221; caption=&#8221;Czytaj wi\u0119cej&#8221; isresize=&#8221;yes&#8221; imagelink=&#8221;url:%23skladanieskargiwnioskow&#8221; icon_entypo=&#8221;entypo-icon entypo-icon-plus-circled&#8221; labelbg=&#8221;#81d742&#8243; overlaybg=&#8221;#26a7eb&#8221;][\/cq_vc_skewcard][vc_empty_space height=&#8221;64px&#8221;][vc_separator color=&#8221;blue&#8221; style=&#8221;shadow&#8221;][vc_empty_space height=&#8221;64px&#8221;][\/vc_column][\/vc_row][vc_row el_id=&#8221;lekarzpoz&#8221;][vc_column][vc_custom_heading text=&#8221;\u015awiadczenia lekarza POZ obejmuj\u0105 \/ lekarze rodzinni Bychawa:&#8221; font_container=&#8221;tag:h3|text_align:left&#8221; use_theme_fonts=&#8221;yes&#8221; rs_decor_place=&#8221;2&#8243;][\/vc_custom_heading][vc_column_text]<\/p>\n<ul>\n<li>profilaktyk\u0119 chor\u00f3b, w tym badania i porady w ramach profilaktyki wieku rozwojowego (wizyty patrona\u017cowe noworodk\u00f3w, wizyty bilansowe dzieci 9 miesi\u0119cznych, 2,4 i 6 latk\u00f3w, dzieci szkolnych po uprzednim badaniu przez piel\u0119gniark\u0119 szkoln\u0105 w wieku 10,13\/14,16 i 18 lat) oraz kwalifikacje do szczepie\u0144 ochronnych obowi\u0105zkowych i zalecanych<\/li>\n<li>\u015bwiadczenia profilaktyki chor\u00f3b uk\u0142adu kr\u0105\u017cenia, w rocznikach okre\u015blonych przez NFZ<\/li>\n<li>udzielanie porad w leczeniu schorze\u0144, w tym zapewnienie diagnostyki laboratoryjnej oraz obrazowej i nieobrazowej (EKG, RTG, USG) zgodnie z obowi\u0105zuj\u0105cym wykazem, zawartym w Rozp. Ministra Zdrowia w sprawie \u015bwiadcze\u0144 gwarantowanych z zakresu podstawowej opieki zdrowotnej z dn. 24.09.2013r z p\u00f3\u017aniejszymi zmianami (cz\u0119\u015b\u0107 IV, \u015awiadczenia medycznej diagnostyki laboratoryjnej lub diagnostyki obrazowej i nieobrazowej zwi\u0105zane z realizacj\u0105 \u015bwiadcze\u0144 lekarza podstawowej opieki zdrowotnej)<\/li>\n<li>udzielanie porad w domu Pacjenta w sytuacjach uzasadnionych stanem zdrowia Pacjenta<\/li>\n<li>wykonywanie zabieg\u00f3w w gabinecie zabiegowym i w domu Pacjenta<\/li>\n<li>orzekanie o stanie zdrowia<\/li>\n<li>inne \u015bwiadczenia wynikaj\u0105ce z potrzeb populacji obj\u0119tej opiek\u0105, w tym: kierowanie do poradni specjalistycznych i do szpitala, kierowanie na rehabilitacj\u0119 i leczenie uzdrowiskowe, kwalifikowanie do \u015bwiadcze\u0144 transportu sanitarnego w POZ i wystawianie zlece\u0144 przewoz\u00f3w, wystawianie zlece\u0144 na realizacj\u0119 \u015bwiadcze\u0144 pozostaj\u0105cych w zakresie zada\u0144 piel\u0119gniarki POZ, wystawianie za\u015bwiadcze\u0144 dotycz\u0105cych stanu zdrowia Pacjenta. \/ Lekarze rodzinni Bychawa.<\/li>\n<\/ul>\n<p>&nbsp;<\/p>\n<p>[\/vc_column_text][vc_empty_space height=&#8221;64px&#8221;][vc_separator color=&#8221;blue&#8221; style=&#8221;shadow&#8221;][vc_empty_space height=&#8221;64px&#8221;][\/vc_column][\/vc_row][vc_row el_id=&#8221;pielegniarkapoz&#8221;][vc_column][vc_custom_heading text=&#8221;\u015awiadczenia piel\u0119gniarki POZ obejmuj\u0105:&#8221; font_container=&#8221;tag:h3|text_align:left&#8221; use_theme_fonts=&#8221;yes&#8221; rs_decor_place=&#8221;2&#8243;][\/vc_custom_heading][vc_column_text]<strong>Piel\u0119gniarka podstawowej opieki zdrowotnej, wybrana przez \u015bwiadczeniobiorc\u0119 zgodnie z art. 28 ust. 1 ustawy z dnia 27 sierpnia 2004 r. o \u015bwiadczeniach opieki zdrowotnej finansowanych ze \u015brodk\u00f3w publicznych, planuje i realizuje kompleksow\u0105 opiek\u0119 piel\u0119gniarsk\u0105 i piel\u0119gnacyjn\u0105, nad \u015bwiadczeniobiorc\u0105 w zakresie:<\/strong><\/p>\n<ul>\n<li>promocji zdrowia i profilaktyki chor\u00f3b,<\/li>\n<li>\u015bwiadcze\u0144 piel\u0119gnacyjnych,<\/li>\n<li>\u015bwiadcze\u0144 diagnostycznych,<\/li>\n<li>\u015bwiadcze\u0144 leczniczych,<\/li>\n<li>\u015bwiadcze\u0144 rehabilitacyjnych.<\/li>\n<\/ul>\n<p><strong>Piel\u0119gniarka POZ planuje i realizuje kompleksow\u0105 opiek\u0119 piel\u0119gniarsk\u0105 nad osob\u0105, rodzin\u0105, spo\u0142eczno\u015bci\u0105 w \u015brodowisku zamieszkania, obejmuj\u0105c opiek\u0105:<\/strong><\/p>\n<ul>\n<li>zdrowych i chorych niezale\u017cnie od p\u0142ci i wieku, z wy\u0142\u0105czeniem noworodka i niemowl\u0119cia do drugiego miesi\u0105ca \u017cycia,<\/li>\n<li>osoby niepe\u0142nosprawne.<\/li>\n<\/ul>\n<p><strong>W ramach udzielania \u015bwiadcze\u0144 opieki zdrowotnej piel\u0119gniarka POZ wsp\u00f3\u0142pracuje z: <\/strong><\/p>\n<ul>\n<li>lekarzem POZ i w porozumieniu z lekarzem wykonuje \u015bwiadczenia lecznicze,<\/li>\n<li>piel\u0119gniark\u0105 POZ \u015brodowiska nauczania i wychowania lub higienistk\u0105 szkoln\u0105,<\/li>\n<li>po\u0142o\u017cn\u0105 POZ,<\/li>\n<li>piel\u0119gniark\u0105 opieki d\u0142ugoterminowej domowej,<\/li>\n<li>innymi \u015bwiadczeniodawcami zgodnie z potrzebami podopiecznych,<\/li>\n<li>przedstawicielami organizacji i instytucji dzia\u0142aj\u0105cych na rzecz zdrowia,<\/li>\n<li>rodzin\u0105 (opiekunami) \u015bwiadczeniobiorcy.<\/li>\n<\/ul>\n<p><strong>\u015awiadczenia w zakresie promocji zdrowia i profilaktyki chor\u00f3b obejmuj\u0105:<\/strong><\/p>\n<ul>\n<li>rozpoznawanie, ocen\u0119 i zapobieganie zagro\u017ceniom zdrowotnym u \u015bwiadczeniobiorc\u00f3w,<\/li>\n<li>rozpoznawanie potrzeb piel\u0119gnacyjnych i problem\u00f3w zdrowotnych \u015bwiadczeniobiorc\u00f3w,<\/li>\n<li>prowadzenie edukacji zdrowotnej,<\/li>\n<li>prowadzenie poradnictwa w zakresie zdrowego stylu \u017cycia,<\/li>\n<li>monitorowanie rozwoju dziecka zgodnie z odr\u0119bnymi przepisami,<\/li>\n<li>realizacj\u0119 program\u00f3w zdrowotnych i profilaktyki chor\u00f3b,<\/li>\n<li>prowadzenie dzia\u0142a\u0144 profilaktycznych u \u015bwiadczeniobiorc\u00f3w z grup ryzyka zdrowotnego,<\/li>\n<li>organizacj\u0119 grup wsparcia,<\/li>\n<li>profilaktyk\u0119 chor\u00f3b wieku rozwojowego,<\/li>\n<li>edukacj\u0119 w zakresie obowi\u0105zkowych szczepie\u0144 ochronnych oraz informacje o szczepieniach zalecanych.<\/li>\n<\/ul>\n<p><strong>\u015awiadczenia piel\u0119gnacyjne obejmuj\u0105:<\/strong><\/p>\n<ul>\n<li>realizacj\u0119 opieki piel\u0119gnacyjnej u \u015bwiadczeniobiorc\u00f3w w r\u00f3\u017cnych stanach zdrowia i choroby zgodnie z aktualn\u0105 wiedz\u0105 medyczn\u0105 i wsp\u00f3\u0142czesnymi standardami opieki piel\u0119gniarskiej,<\/li>\n<li>wykonywanie zabieg\u00f3w piel\u0119gnacyjnych zgodnie z odr\u0119bnymi przepisami,<\/li>\n<li>przygotowywanie i aktywizowanie do samoopieki i samopiel\u0119gnacji w chorobie i niepe\u0142nosprawno\u015bci.<\/li>\n<\/ul>\n<p><strong>\u015awiadczenia diagnostyczne obejmuj\u0105:<\/strong><\/p>\n<ul>\n<li>przeprowadzanie wywiad\u00f3w \u015brodowiskowych,<\/li>\n<li>wykonywanie badania fizykalnego,<\/li>\n<li>wykonywanie podstawowych pomiar\u00f3w \u017cyciowych i ich ocen\u0119 oraz interpretacj\u0119,<\/li>\n<li>ocen\u0119 stanu og\u00f3lnego chorego oraz procesu jego zdrowienia,<\/li>\n<li>ocen\u0119 jako\u015bci \u017cycia i wydolno\u015bci psychofizycznej \u015bwiadczeniobiorcy,<\/li>\n<li>wykrywanie odchyle\u0144 od normy rozwojowej,<\/li>\n<li>wykonywanie test\u00f3w diagnostycznych poza laboratorium w oparciu o zestawy i aparatur\u0119 przeznaczon\u0105 do wykonywania oznacze\u0144 w miejscu zamieszkania \u015bwiadczeniobiorcy,<\/li>\n<li>ocen\u0119 i monitorowanie b\u00f3lu,<\/li>\n<li>ocen\u0119 wydolno\u015bci piel\u0119gnacyjno-opieku\u0144czej rodziny,<\/li>\n<li>pobieranie materia\u0142u do bada\u0144 diagnostycznych zgodnie z odr\u0119bnymi przepisami.<\/li>\n<\/ul>\n<p><strong>\u015awiadczenia lecznicze, zgodnie z odr\u0119bnymi przepisami, obejmuj\u0105:<\/strong><\/p>\n<ul>\n<li>udzielanie pierwszej pomocy w stanach zagro\u017cenia \u017cycia i w nag\u0142ych zachorowaniach, w tym prowadzenie resuscytacji kr\u0105\u017ceniowo-oddechowej,<\/li>\n<li>podawanie lek\u00f3w r\u00f3\u017cnymi drogami i technikami zleconymi przez lekarza oraz zgodnie z odr\u0119bnymi przepisami, w tym wykonywanie iniekcji do\u017cylnych, podsk\u00f3rnych, \u015br\u00f3dsk\u00f3rnych oraz wykonywanie wlew\u00f3w do\u017cylnych,<\/li>\n<li>zak\u0142adanie opatrunk\u00f3w na rany, odle\u017cyny, oparzenia w domu chorego u ob\u0142o\u017cnie chorych,<\/li>\n<li>cewnikowanie p\u0119cherza u kobiet,<\/li>\n<li>wykonywanie wlew\u00f3w\/wlewek doodbytniczych u ob\u0142o\u017cnie chorego,<\/li>\n<li>wykonywanie zabieg\u00f3w piel\u0119gnacyjno-leczniczych w stomiach, przetokach i ranach trudno goj\u0105cych si\u0119 w porozumieniu z lekarzem,<\/li>\n<li>wykonywanie zabieg\u00f3w z zastosowaniem ciep\u0142a i zimna,<\/li>\n<li>ustalanie diety w \u017cywieniu przewlekle chorych,<\/li>\n<li>dob\u00f3r technik karmienia w zale\u017cno\u015bci od stanu chorego,<\/li>\n<li>dora\u017an\u0105 modyfikacj\u0119 dawki lek\u00f3w przeciwb\u00f3lowych, w uzgodnieniu z lekarzem i zgodnie z wykazem lek\u00f3w, do podawania kt\u00f3rych uprawniona jest piel\u0119gniarka.<\/li>\n<\/ul>\n<p>&nbsp;<\/p>\n<p>[\/vc_column_text][vc_empty_space height=&#8221;64px&#8221;][vc_separator color=&#8221;blue&#8221; style=&#8221;shadow&#8221;][vc_empty_space height=&#8221;64px&#8221;][\/vc_column][\/vc_row][vc_row el_id=&#8221;poloznapoz&#8221;][vc_column][vc_custom_heading text=&#8221;\u015awiadczenia po\u0142o\u017cnej POZ obejmuj\u0105:&#8221; font_container=&#8221;tag:h3|text_align:left&#8221; use_theme_fonts=&#8221;yes&#8221; rs_decor_place=&#8221;2&#8243;][\/vc_custom_heading][vc_column_text]<\/p>\n<ul>\n<li>opiek\u0119 w okresie ci\u0105\u017cy, porodu i po\u0142ogu, w tym edukacj\u0119 przedporodow\u0105 realizowan\u0105 u kobiet w ci\u0105\u017cy (w tym w ci\u0105\u017cy wysokiego ryzyka), pocz\u0105wszy od 21 tygodnia ci\u0105\u017cy do terminu rozwi\u0105zania,<\/li>\n<li>opiek\u0119 nad kobiet\u0105, noworodkiem i niemowl\u0119ciem do uko\u0144czenia 6 tygodnia \u017cycia w ramach wizyt patrona\u017cowych,<\/li>\n<li>edukacj\u0119 w zakresie planowania rodziny,<\/li>\n<li>opiek\u0119 w chorobach ginekologicznych, w tym opiek\u0119 piel\u0119gnacyjn\u0105 nad kobiet\u0105 po operacji ginekologicznej lub onkologiczno-ginekologicznej obejmuj\u0105c\u0105 okres od momentu wypisu ze szpitala do ca\u0142kowitego zagojenia si\u0119 rany pooperacyjnej, realizowane na podstawie skierowania lekarza oddzia\u0142u, kt\u00f3ry wykona\u0142 operacj\u0119,<\/li>\n<li>wykonywanie zgodnie z posiadanymi kompetencjami, iniekcji i zabieg\u00f3w na podstawie zlece\u0144 innych lekarzy ubezpieczenia zdrowotnego, w gabinecie po\u0142o\u017cnej POZ i w domu Pacjenta. \/ Lekarze rodzinni Bychawa<\/li>\n<\/ul>\n<p>[\/vc_column_text][vc_empty_space height=&#8221;64px&#8221;][vc_separator color=&#8221;blue&#8221; style=&#8221;shadow&#8221;][vc_empty_space height=&#8221;64px&#8221;][\/vc_column][\/vc_row][vc_row el_id=&#8221;szczepieniacovid19&#8243;][vc_column][vc_custom_heading text=&#8221;Szczepienia COVID-19&#8243; font_container=&#8221;tag:h3|text_align:left&#8221; use_theme_fonts=&#8221;yes&#8221; rs_decor_place=&#8221;2&#8243;][\/vc_custom_heading][vc_icon icon_fontawesome=&#8221;far fa-file-pdf&#8221; color=&#8221;sky&#8221; align=&#8221;center&#8221; link=&#8221;url:http%3A%2F%2Foko.you2.pl%2Fwp-content%2Fuploads%2F2021%2F05%2FKwestionariusz-wstepnego-wywiadu-przesiewowego-przed-szczepieniem-osoby-doroslej-przeciw-COVID-19.pdf|title:pobierz|target:_blank|rel:nofollow&#8221;][vc_column_text]<\/p>\n<p style=\"text-align: center; text-decoration: underline;\">Kwestionariusz wst\u0119pnego wywiadu przesiewowego przed szczepieniem osoby doros\u0142ej przeciw COVID-19<\/p>\n<p>[\/vc_column_text][vc_empty_space][vc_column_text]Uprzejmie informujemy, \u017ce nasza plac\u00f3wka OKULISTYKA S.C. uczestniczy w Narodowym Programie Szczepie\u0144.<br \/>\nSzczepienia wykonywane s\u0105 w 3 Poradniach POZ:<\/p>\n<ul>\n<li style=\"list-style-type: none;\">\n<ul>\n<li>w Bychawie &#8211; ul. Pi\u0142sudskiego 63 &#8211; tel. 81-478-73-93<\/li>\n<li>w Lublinie &#8211; ul. Mickiewicza 28 &#8211; tel. 81-478-73-83<\/li>\n<li>w Tworyczowie &#8211; Su\u0142\u00f3w 19 &#8211; tel. 887-337-338<\/li>\n<\/ul>\n<\/li>\n<\/ul>\n<p>Zapisy prowadzimy na nasz\u0105 wewn\u0119trzn\u0105 list\u0119 a dopiero w momencie zaakceptowania dostawy szczepionki umawiamy Pacjenta na konkretny dzie\u0144 i godzin\u0119.<\/p>\n<p>Co nale\u017cy zabra\u0107 przychodz\u0105c na szczepienie?<\/p>\n<ul>\n<li>dow\u00f3d osobisty<\/li>\n<li>okulary (je\u015bli Pacjentka\/Pacjent posiada)<\/li>\n<li>list\u0119 przyjmowanych aktualnie lek\u00f3w<\/li>\n<\/ul>\n<p>Je\u015bli to mo\u017cliwe to prosimy o przeczytanie i uzupe\u0142nienie dzie\u0144 przed szczepieniem \u201eKwestionariusza wst\u0119pnego wywiadu przesiewowego przed szczepieniem osoby doros\u0142ej przeciw COVID-19\u201d (dokument do pobrania i wydrukowania dost\u0119pny wy\u017cej).<\/p>\n<p>Prosimy przychodzi\u0107 punktualnie na wyznaczon\u0105 godzin\u0119. Bardzo prosimy nie przychodzi\u0107 wcze\u015bniej, ze wzgl\u0119du na konieczno\u015b\u0107 obserwacji Pacjent\u00f3w po szczepieniu oraz konieczno\u015b\u0107 zachowania odpowiednich odleg\u0142o\u015bci mi\u0119dzy Pacjentami. Pacjenci kt\u00f3rzy przyjad\u0105 wcze\u015bniej nie b\u0119d\u0105 mogli wej\u015b\u0107 do przychodni POZ.<\/p>\n<p>Ka\u017cdy Pacjent przed szczepieniem b\u0119dzie badany oraz kwalifikowany do szczepienia w Poradni POZ.<\/p>\n<p>Bardzo prosimy o przestrzeganie powy\u017cszych zasad. \/ Lekarze rodzinni Bychawa<\/p>\n<p>[\/vc_column_text][vc_empty_space height=&#8221;64px&#8221;][vc_separator color=&#8221;blue&#8221; style=&#8221;shadow&#8221;][vc_empty_space height=&#8221;64px&#8221;][\/vc_column][\/vc_row][vc_row el_id=&#8221;teleporady&#8221;][vc_column][vc_custom_heading text=&#8221;Teleporady &#8211; standard organizacyjny teleporady udzielanej w ramach POZ&#8221; font_container=&#8221;tag:h3|text_align:left&#8221; use_theme_fonts=&#8221;yes&#8221; rs_decor_place=&#8221;2&#8243;][\/vc_custom_heading][vc_empty_space][vc_column_text rsclass=&#8221;clean&#8221;]a) Teleporada medyczna udzielana jest Pacjentowi telefonicznie.<br \/>\nb) Przy rezerwacji Pacjent otrzymuje informacj\u0119 o dniu i godzinie kiedy lekarz zadzwoni. Rezerwacja Teleporady jest mo\u017cliwa na jeden z trzech sposob\u00f3w:<\/p>\n<p style=\"padding-left: 20px;\">\u2022 Osobi\u015bcie lub przez osob\u0119 trzeci\u0105 w przychodni od poniedzia\u0142ku do pi\u0105tku<br \/>\n\u2022 Telefonicznie na numer:<\/p>\n<p style=\"padding-left: 40px;\">Porady lekarskie:<br \/>\n\u2022 Bychawa POZ: (81) 478-73-93<br \/>\n\u2022 Lublin POZ: (81) 478-73-83<br \/>\n\u2022 Tworycz\u00f3w POZ: (84) 641-37-08<\/p>\n<p style=\"padding-left: 40px;\">Porady piel\u0119gniarskie:<br \/>\n\u2022 Bychawa POZ: (81) 478-73-93<br \/>\n\u2022 Lublin POZ: (81) 478-73-83<br \/>\n\u2022 Tworycz\u00f3w POZ: (84) 641-37-08<br \/>\nod poniedzia\u0142ku do pi\u0105tku do godziny 18.00<\/p>\n<p style=\"padding-left: 20px;\">\u2022 Internetowo na stronie internetowej: e-okulistyka.pl bez ogranicze\u0144 czasowych r\u00f3wnie\u017c w soboty i niedziele.<\/p>\n<p>c) Lekarz POZ dzwoni na numer telefonu Pacjenta zapisany w karcie Pacjenta w systemie informatycznym przychodni<br \/>\nd) W razie braku odpowiedzi lekarz podejmuje jeszcze trzykrotn\u0105 pr\u00f3b\u0119 dodzwonienia si\u0119 w odst\u0119pie pi\u0119ciominutowym. Przy braku odbioru Teleporada zostaje anulowana.<br \/>\ne) Pacjenci przyjmowani s\u0105 stacjonarnie w spos\u00f3b nieograniczony<br \/>\nf) E-recept\u0119 Pacjent mo\u017ce zam\u00f3wi\u0107:<\/p>\n<p style=\"padding-left: 20px;\">\u2022 Telefonicznie<\/p>\n<p>g) Pacjent w ramach porady telefonicznej mo\u017ce uzyska\u0107 e-skierowanie do poradni specjalistycznej b\u0105d\u017a na badania. Skierowanie mo\u017cna odebra\u0107 osobi\u015bcie lub upowa\u017cniaj\u0105c do tego osob\u0119 trzeci\u0105 w plac\u00f3wce od poniedzia\u0142ku do pi\u0105tku w godzinach 8.00-18.00. Pacjent ustala telefonicznie dat\u0119 oraz godzin\u0119 odebrania skierowania podczas Teleporady.<br \/>\nh) Zlecenia na wyroby medyczne Pacjent mo\u017ce otrzyma\u0107 w ramach Teleporady. E-zlecenie na wyroby medyczne mo\u017cna odebra\u0107 osobi\u015bcie lub upowa\u017cniaj\u0105c do tego osob\u0119 trzeci\u0105 od poniedzia\u0142ku do pi\u0105tku w godzinach 8.00-18.00. Pacjent ustala telefonicznie dat\u0119 oraz godzin\u0119 odebrania zlecenia podczas Teleporady.<br \/>\ni) Ka\u017cdy Pacjent ma mo\u017cliwo\u015b\u0107 za\u0142o\u017cenia Internetowego Konta Pacjenta za pomoc\u0105 serwisu internetowego www. pacjent.gov.pl.<br \/>\n[\/vc_column_text][cq_vc_datatable label1=&#8221;Miejscowo\u015b\u0107&#8221; label2=&#8221;Dzie\u0144 tygodnia&#8221; label3=&#8221;Godzina&#8221; label4=&#8221;Telefon&#8221;][cq_vc_datatable_item data1=&#8221;POZ w Lublinie&#8221; data2=&#8221;poniedzia\u0142ek &#8211; pi\u0105tek&#8221; data3=&#8221;13:00 &#8211; 14:00&#8243; data4=&#8221;81 478-73-83&#8243;][cq_vc_datatable_item data1=&#8221;POZ w Tworyczowie&#8221; data2=&#8221;poniedzia\u0142ek &#8211; wtorek&#8221; data3=&#8221;11:00 &#8211; 12:00&#8243; data4=&#8221;887-337-338&#8243;][cq_vc_datatable_item data1=&#8221;POZ w Tworyczowie&#8221; data2=&#8221;czwartek &#8211; pi\u0105tek&#8221; data3=&#8221;11:00 &#8211; 12:00&#8243; data4=&#8221;887-337-338&#8243;][cq_vc_datatable_item data1=&#8221;POZ w Tworyczowie&#8221; data2=&#8221;\u015broda&#8221; data3=&#8221;15:00 &#8211; 16:00&#8243; data4=&#8221;887-337-338&#8243;][cq_vc_datatable_item data1=&#8221;POZ w Bychawie&#8221; data2=&#8221;poniedzia\u0142ek &#8211; pi\u0105tek&#8221; data3=&#8221;13:00 &#8211; 14:00&#8243; data4=&#8221;81 478-73-93&#8243;][\/cq_vc_datatable][vc_empty_space height=&#8221;64px&#8221;][vc_separator color=&#8221;blue&#8221; style=&#8221;shadow&#8221;][vc_empty_space height=&#8221;64px&#8221;][\/vc_column][\/vc_row][vc_row el_id=&#8221;punktpobran&#8221;][vc_column][vc_custom_heading text=&#8221;Punkty Pobra\u0144&#8221; font_container=&#8221;tag:h3|text_align:left&#8221; use_theme_fonts=&#8221;yes&#8221; rs_decor_place=&#8221;2&#8243;][\/vc_custom_heading][vc_column_text]Badania zlecone przez naszych lekarzy s\u0105 wykonywane we wsp\u00f3\u0142pracy z Centrum Medycznym Luxmed (badania laboratoryjne, RTG, USG, EKG, poziom glukozy, pomiar ci\u015bnienia t\u0119tniczego, iniekcje, opatrunki). Istnieje mo\u017cliwo\u015b\u0107 pobrania materia\u0142u do bada\u0144 w naszych przychodniach POZ. \/ Lekarze rodzinni Bychawa<\/p>\n<p>[\/vc_column_text][vc_empty_space][cq_vc_datatable label1=&#8221;Miejscowo\u015b\u0107&#8221; label2=&#8221;Dzie\u0144 tygodnia&#8221; label3=&#8221;Godzina&#8221;][cq_vc_datatable_item data1=&#8221;POZ w Lublinie (ul. Mickiewicza 28)&#8221; data2=&#8221;poniedzia\u0142ek, \u015broda, pi\u0105tek&#8221; data3=&#8221;8:00 \u2013 10:00&#8243;][cq_vc_datatable_item data1=&#8221;POZ w Tworyczowie&#8221; data2=&#8221;czwartek&#8221; data3=&#8221;8:00 \u2013 12:00&#8243;][cq_vc_datatable_item data1=&#8221;POZ w Bychawie (ul. Pi\u0142sudskiego 63)&#8221; data2=&#8221;wtorek, \u015broda, czwartek&#8221; data3=&#8221;8:00 \u2013 12:00&#8243;][\/cq_vc_datatable][vc_empty_space height=&#8221;64px&#8221;][vc_separator color=&#8221;blue&#8221; style=&#8221;shadow&#8221;][vc_empty_space height=&#8221;64px&#8221;][\/vc_column][\/vc_row][vc_row el_id=&#8221;promocjazdrowia&#8221;][vc_column][vc_custom_heading text=&#8221;Promocja Zdrowia&#8221; font_container=&#8221;tag:h3|text_align:left&#8221; use_theme_fonts=&#8221;yes&#8221; rs_decor_place=&#8221;2&#8243;][\/vc_custom_heading][vc_column_text]POZ OKULISTYKA S.C. posiada wydzielony czas przeznaczony na edukacj\u0119 i promocj\u0119 zdrowia.<br \/>\nStosowne og\u0142oszenie z informacj\u0105 na temat czasu udzielania porad z zakresu edukacji i promocji zdrowia znajduje si\u0119 na tablicy og\u0142osze\u0144. (Lekarze rodzinni Bychawa).<\/p>\n<p>Porady z zakresu edukacji i promocji zdrowia udzielane s\u0105:<\/p>\n<ul>\n<li>w Lublinie \u2013 w ka\u017cdy czwartek w godzinach 13:00 &#8211; 14:00<\/li>\n<li>w Tworyczowie \u2013 w ka\u017cd\u0105 \u015brod\u0119 w godzinach 12:00 &#8211; 13:00<\/li>\n<li>w Bychawie &#8211; w ka\u017cd\u0105 \u015brod\u0119 w godzinach 10:00 &#8211; 11:00<\/li>\n<\/ul>\n<p>Pacjenci oraz cz\u0142onkowie rodzin Pacjent\u00f3w w celu uzyskania porady z zakresu edukacji i promocji zdrowia zg\u0142aszaj\u0105 si\u0119 do Przychodni w okre\u015blonym czasie.<br \/>\nUdzielone porady dokumentowane s\u0105 w systemie elektronicznym.<\/p>\n<p>Programy:<\/p>\n<ul>\n<li>Program zdrowotny dla Pacjent\u00f3w z nadwag\u0105 i oty\u0142o\u015bci\u0105.<\/li>\n<li>Program profilaktyki pierwotnej oty\u0142o\u015bci dla dzieci i m\u0142odzie\u017cy w wieku od 2 lat &#8211; 18 r.\u017c.<\/li>\n<li>Program profilaktyki pierwotnej zapobiegania wadom postawy u dzieci w wieku przedszkolnym i szkolnym od 2 do 10 r.\u017c.<\/li>\n<li>Program edukacyjno-profilaktyczny os\u00f3b z cukrzyc\u0105 i ich rodzin.<\/li>\n<li>Program edukacyjny dla Pacjent\u00f3w z nadci\u015bnieniem t\u0119tniczym.<\/li>\n<\/ul>\n<p>[\/vc_column_text][vc_column_text][\/vc_column_text][vc_empty_space height=&#8221;64px&#8221;][vc_separator color=&#8221;blue&#8221; style=&#8221;shadow&#8221;][vc_empty_space height=&#8221;64px&#8221;][\/vc_column][\/vc_row][vc_row el_id=&#8221;skladanieskargiwnioskow&#8221;][vc_column][vc_custom_heading text=&#8221;Sk\u0142adanie skarg i wniosk\u00f3w&#8221; font_container=&#8221;tag:h3|text_align:left&#8221; use_theme_fonts=&#8221;yes&#8221; rs_decor_place=&#8221;2&#8243;][\/vc_custom_heading][vc_column_text]Pacjenci POZ OKULISTYKI S.C. maj\u0105 mo\u017cliwo\u015b\u0107 z\u0142o\u017cenia skarg, uwag lub wniosk\u00f3w w formie pisemnej lub ustnej.<\/p>\n<p>W Przychodni znajduje si\u0119 ksi\u0105\u017cka skarg i wniosk\u00f3w dost\u0119pna w rejestracji.<\/p>\n<p>Pacjenci przyjmowani s\u0105 w sprawie skarg, uwag i wniosk\u00f3w:<\/p>\n<ul>\n<li>w Lublinie \u2013 w ka\u017cd\u0105 \u015brod\u0119 i czwartek w godzinach 16:00 &#8211; 18:00<\/li>\n<li>w Tworyczowie \u2013 w ka\u017cd\u0105 \u015brod\u0119 w godzinach 12:00 &#8211; 13:00<\/li>\n<li>w Bychawie \u2013 w ka\u017cdy czwartek w godzinach 8:00 &#8211; 10:00<\/li>\n<\/ul>\n<p>Ewentualne uwagi, skargi lub wnioski raz w roku podlegaj\u0105 sprawdzeniu i ocenie. Kierownik na podstawie analizy skarg, uwag i wniosk\u00f3w podejmuje ewentualne dalsze post\u0119powanie. Wyniki analizy s\u0105 dokumentowane, a wszystkie skargi, wnioski i uwagi s\u0105 archiwizowane przez okres 3 lat.<\/p>\n<h2>Lekarze rodzinni Bychawa<\/h2>\n<p>Zapraszamy na stron\u0119 www Poradni POZ &gt; <a href=\"http:\/\/lekarzerodzinni.e-okulistyka.pl\/\">http:\/\/lekarzerodzinni.e-okulistyka.pl\/<\/a><\/p>\n<p>Zobacz personel w poradniach lekarzy rodzinnych &gt; <a href=\"https:\/\/e-okulistyka.pl\/personel-medyczny\/\">https:\/\/e-okulistyka.pl\/personel-medyczny\/<\/a><\/p>\n<p>[\/vc_column_text][vc_column_text][\/vc_column_text][vc_empty_space height=&#8221;64px&#8221;][vc_separator color=&#8221;blue&#8221; style=&#8221;shadow&#8221;][vc_empty_space height=&#8221;64px&#8221;][\/vc_column][\/vc_row]<\/p>\n","protected":false},"excerpt":{"rendered":"<p>[vc_row][vc_column][vc_custom_heading text=&#8221;&#8221; font_container=&#8221;tag:h2|text_align:center&#8221; use_theme_fonts=&#8221;yes&#8221; rs_decor_place=&#8221;2&#8243;][\/vc_custom_heading][vc_separator color=&#8221;blue&#8221; style=&#8221;shadow&#8221;][vc_empty_space height=&#8221;64px&#8221;][\/vc_column][\/vc_row][vc_row][vc_column][vc_custom_heading text=&#8221;Dla m\u0119\u017cczyzn nale\u017cy pobra\u0107 2 wzory deklaracji: lekarz, piel\u0119gniarka oraz upowa\u017cnienie.&#8221; font_container=&#8221;tag:h5|text_align:center|color:%2326a7eb&#8221; use_theme_fonts=&#8221;yes&#8221; rs_decor_place=&#8221;2&#8243;][\/vc_custom_heading][vc_custom_heading text=&#8221;Dla kobiet nale\u017cy pobra\u0107 3 wzory deklaracji: lekarz, piel\u0119gniarka, po\u0142o\u017cna oraz upowa\u017cnienie.&#8221; font_container=&#8221;tag:h5|text_align:center|color:%2326a7eb&#8221; use_theme_fonts=&#8221;yes&#8221; rs_decor_place=&#8221;2&#8243;][\/vc_custom_heading][vc_row_inner][vc_column_inner width=&#8221;1\/4&#8243;][vc_icon icon_fontawesome=&#8221;fas fa-print&#8221; align=&#8221;center&#8221; css_animation=&#8221;fadeInDown&#8221; link=&#8221;url:http%3A%2F%2Foko.you2.pl%2Fwp-content%2Fuploads%2F2021%2F05%2FDeklaracja-lekarza-POZ.pdf|title:pobierz&#8221;][vc_column_text] Deklaracja Lekarza POZ [\/vc_column_text][\/vc_column_inner][vc_column_inner width=&#8221;1\/4&#8243;][vc_icon icon_fontawesome=&#8221;fas fa-print&#8221; align=&#8221;center&#8221; css_animation=&#8221;fadeInDown&#8221; link=&#8221;url:http%3A%2F%2Foko.you2.pl%2Fwp-content%2Fuploads%2F2021%2F05%2FDeklaracja-pielegniarki-POZ.pdf|title:pobierz&#8221;][vc_column_text] Deklaracja Piel\u0119gniarki [&hellip;]<\/p>\n","protected":false},"author":2,"featured_media":3590,"parent":0,"menu_order":0,"comment_status":"closed","ping_status":"closed","template":"","meta":{"footnotes":""},"class_list":["post-2582","page","type-page","status-publish","has-post-thumbnail","hentry"],"_links":{"self":[{"href":"https:\/\/testtest.dfirma.pl\/index.php\/wp-json\/wp\/v2\/pages\/2582","targetHints":{"allow":["GET"]}}],"collection":[{"href":"https:\/\/testtest.dfirma.pl\/index.php\/wp-json\/wp\/v2\/pages"}],"about":[{"href":"https:\/\/testtest.dfirma.pl\/index.php\/wp-json\/wp\/v2\/types\/page"}],"author":[{"embeddable":true,"href":"https:\/\/testtest.dfirma.pl\/index.php\/wp-json\/wp\/v2\/users\/2"}],"replies":[{"embeddable":true,"href":"https:\/\/testtest.dfirma.pl\/index.php\/wp-json\/wp\/v2\/comments?post=2582"}],"version-history":[{"count":0,"href":"https:\/\/testtest.dfirma.pl\/index.php\/wp-json\/wp\/v2\/pages\/2582\/revisions"}],"wp:featuredmedia":[{"embeddable":true,"href":"https:\/\/testtest.dfirma.pl\/index.php\/wp-json\/wp\/v2\/media\/3590"}],"wp:attachment":[{"href":"https:\/\/testtest.dfirma.pl\/index.php\/wp-json\/wp\/v2\/media?parent=2582"}],"curies":[{"name":"wp","href":"https:\/\/api.w.org\/{rel}","templated":true}]}}