{"id":2375,"date":"2021-04-07T19:46:38","date_gmt":"2021-04-07T17:46:38","guid":{"rendered":"https:\/\/e-okulistyka.pl\/?page_id=2375"},"modified":"2021-04-07T19:46:38","modified_gmt":"2021-04-07T17:46:38","slug":"iniekcje-doszklistkowe-amd-na-nfz","status":"publish","type":"page","link":"https:\/\/testtest.dfirma.pl\/index.php\/iniekcje-doszklistkowe-amd-na-nfz\/","title":{"rendered":"Iniekcje doszklistkowe AMD na NFZ"},"content":{"rendered":"<p>[vc_row rsclass=&#8221;clean&#8221;][vc_column rsclass=&#8221;clean&#8221; el_class=&#8221;container&#8221;][vc_empty_space][\/vc_column][\/vc_row][vc_row][vc_column width=&#8221;1\/3&#8243;][stat_counter icon_size=&#8221;32&#8243; counter_title=&#8221;Liczba Pacjent\u00f3w aktywnie leczonych w PL&#8221; counter_value=&#8221;375&#8243; speed=&#8221;3&#8243;][\/vc_column][vc_column width=&#8221;1\/3&#8243;][stat_counter icon_size=&#8221;32&#8243; counter_title=&#8221;Pozycja w rankingu w woj. lubelskim&#8221; counter_value=&#8221;2&#8243; speed=&#8221;3&#8243;][\/vc_column][vc_column width=&#8221;1\/3&#8243;][stat_counter icon_size=&#8221;32&#8243; counter_title=&#8221;Czas trwania programu (mies.)&#8221; counter_value=&#8221;60&#8243; speed=&#8221;3&#8243;][\/vc_column][vc_column][vc_empty_space height=&#8221;16px&#8221;][vc_custom_heading text=&#8221;Zapisz si\u0119 na konsultacj\u0119 okulistyczn\u0105 do iniekcji&#8221; font_container=&#8221;tag:h4|text_align:center&#8221; use_theme_fonts=&#8221;yes&#8221; rs_decor_place=&#8221;2&#8243;][\/vc_custom_heading][vc_column_text css_animation=&#8221;bounceIn&#8221;]<\/p>\n<p class=\"text-center mt-2\" style=\"text-align: center;\"><a class=\"btn btn-sm btn-hover-fill\" href=\"#formularz_iniekcje\">Zapisz si\u0119<\/a><\/p>\n<p>[\/vc_column_text][vc_text_separator title=&#8221;&#8221; i_icon_fontawesome=&#8221;far fa-eye&#8221; i_size=&#8221;sm&#8221; color=&#8221;blue&#8221; border_width=&#8221;2&#8243; add_icon=&#8221;true&#8221;][\/vc_column][\/vc_row][vc_row][vc_column][vc_row_inner][vc_column_inner][vc_custom_heading text=&#8221;Co to jest AMD?&#8221; use_theme_fonts=&#8221;yes&#8221; rs_decor_place=&#8221;2&#8243;][\/vc_custom_heading][vc_column_text]AMD jest post\u0119puj\u0105c\u0105 chorob\u0105 przewlek\u0142\u0105. Jest to jedna z g\u0142\u00f3wnych przyczyn utraty wzroku mieszka\u0144c\u00f3w kraj\u00f3w rozwini\u0119tych. U os\u00f3b z AMD ograniczeniu ulega pole widzenia centralnego, czyli mo\u017cliwo\u015b\u0107 widzenia na wprost oraz mo\u017cliwo\u015b\u0107 wykonywania typowych codziennych czynno\u015bci, takich jak czytanie i prowadzenie samochodu. W niekt\u00f3rych przypadkach AMD rozwija si\u0119 powoli i chorzy zauwa\u017caj\u0105 tylko niewielkie zmiany, w innych choroba post\u0119puje bardzo szybko i mo\u017ce doprowadzi\u0107 do utraty wzroku w obu oczach.<\/p>\n<p>AMD wyst\u0119puje w dw\u00f3ch postaciach: suchej i mokrej. Mokra posta\u0107 AMD oznacza zaawansowane stadium choroby. Prawie zawsze poprzedzona jest postaci\u0105 such\u0105. Niekt\u00f3rzy badacze preferuj\u0105 stosowanie nazwy \u201czanikowa\u201d w odniesieniu do suchej postaci AMD, a okre\u015blenie \u201cwysi\u0119kowa\u201d odnosz\u0105 do postaci wilgotnej.<\/p>\n<p>[\/vc_column_text][vc_empty_space height=&#8221;20px&#8221;][\/vc_column_inner][\/vc_row_inner][vc_row_inner][vc_column_inner][vc_custom_heading text=&#8221;Jaka jest r\u00f3\u017cnica mi\u0119dzy AMD such\u0105 i mokr\u0105?&#8221; use_theme_fonts=&#8221;yes&#8221; rs_decor_place=&#8221;2&#8243;][\/vc_custom_heading][vc_column_text]Sucha AMD jest wczesnym stadium choroby, kt\u00f3re charakteryzuje si\u0119 powolnym rozk\u0142adem \u015bwiat\u0142oczu\u0142ych kom\u00f3rek w plamce, a pole widzenia centralnego stopniowo zaciera si\u0119.<br \/>\nBadania przeprowadzone w USA wykaza\u0142y, \u017ce mokra posta\u0107 AMD to 10 procent przypadk\u00f3w. W innych krajach, takich jak Japonia, stanowi\u0105 one a\u017c 80% zachorowa\u0144. W tym zaawansowanym stadium choroby nieprawid\u0142owe naczynia krwiono\u015bne pod plamk\u0105 rozrastaj\u0105 si\u0119 i dochodzi do wycieku krwi i p\u0142ynu. To powoduje zaburzenia pracy siatk\u00f3wki i prowadzi do utraty wzroku.<\/p>\n<p>[\/vc_column_text][vc_empty_space height=&#8221;20px&#8221;][\/vc_column_inner][\/vc_row_inner][vc_row_inner][vc_column_inner][vc_custom_heading text=&#8221;Jaka jest liczba chorych dotkni\u0119tych AMD?&#8221; use_theme_fonts=&#8221;yes&#8221; rs_decor_place=&#8221;2&#8243;][\/vc_custom_heading][vc_column_text]W roku 2010 oko\u0142o 33 milion\u00f3w ludzi na ca\u0142ym \u015bwiecie mia\u0142o AMD. Jest ich dwa razy wi\u0119cej ni\u017c os\u00f3b z chorob\u0105 Alzheimera. W Stanach Zjednoczonych 13 milion\u00f3w ludzi ma pewne oznaki AMD. Ka\u017cdego roku diagnozuje si\u0119 oko\u0142o 200 000 nowych przypadk\u00f3w wysi\u0119kowej postaci AMD.<br \/>\n[\/vc_column_text][vc_empty_space height=&#8221;20px&#8221;][\/vc_column_inner][\/vc_row_inner][vc_row_inner][vc_column_inner][vc_custom_heading text=&#8221;Jakie s\u0105 czynniki ryzyka AMD?&#8221; use_theme_fonts=&#8221;yes&#8221; rs_decor_place=&#8221;2&#8243;][\/vc_custom_heading][vc_column_text]agro\u017cenia dla AMD to wiek, uwarunkowania genetyczne oraz uwarunkowania dietetyczne i \u015brodowiskowe. Najwa\u017cniejszym czynnikiem ryzyka jest wiek \u2013 ryzyko zazwyczaj nasila si\u0119 po 50 roku \u017cycia. Badania pokazuj\u0105, \u017ce AMD dotyka prawie 40 procent senior\u00f3w po 75 roku \u017cycia. Palenie papieros\u00f3w stanowi r\u00f3wnie\u017c znaczne zagro\u017cenie.<br \/>\n[\/vc_column_text][vc_empty_space height=&#8221;20px&#8221;][\/vc_column_inner][\/vc_row_inner][\/vc_column][vc_column][vc_row_inner][vc_column_inner width=&#8221;2\/3&#8243;][vc_custom_heading text=&#8221;Jakie s\u0105 symptomy AMD?&#8221; use_theme_fonts=&#8221;yes&#8221; rs_decor_place=&#8221;2&#8243;][\/vc_custom_heading][vc_column_text]Jednym z najcz\u0119stszych objaw\u00f3w suchego AMD jest niewyra\u017ane widzenie. Do najcz\u0119stszych objaw\u00f3w pocz\u0105tkowych nale\u017c\u0105 druzy. S\u0105 to ma\u0142e \u017c\u00f3\u0142tawe skupiska w siatk\u00f3wce, w kt\u00f3rych mog\u0105 znajdowa\u0107 si\u0119 szcz\u0105tki uszkodzonej tkanki.<br \/>\n[\/vc_column_text][\/vc_column_inner][vc_column_inner width=&#8221;1\/3&#8243;][\/vc_column_inner][vc_column_inner][vc_column_text]Chocia\u017c po suchej AMD prawie zawsze nast\u0119puje wysi\u0119kowa, mokra AMD nie rozwija si\u0119 u wszystkich chorych, a obecnie nie ma sposobu, aby okre\u015bli\u0107, czy i kiedy sucha AMD przejdzie do postaci wysi\u0119kowej. Najcz\u0119stszym wczesnym objawem wysi\u0119kowego AMD jest zdeformowane widzenie linii prostych. U pacjent\u00f3w trac\u0105cych widzenie centralne mog\u0105 pojawia\u0107 si\u0119 ma\u0142e martwe punkty w polu widzenia.<\/p>\n<p>Poniewa\u017c mokra AMD mo\u017ce spowodowa\u0107 nag\u0142\u0105 i rozleg\u0142\u0105 utrat\u0119 wzroku \u2013 nawet w ci\u0105gu kilku tygodni lub miesi\u0119cy od wyst\u0105pienia pocz\u0105tkowych objaw\u00f3w \u2013 wielkie znaczenie maj\u0105 wczesne rozpoznanie i podj\u0119cie leczenia.<\/p>\n<p>[\/vc_column_text][\/vc_column_inner][\/vc_row_inner][vc_empty_space height=&#8221;20px&#8221;][vc_row_inner][vc_column_inner][vc_custom_heading text=&#8221;Jakie s\u0105 nast\u0119pstwa AMD?&#8221; use_theme_fonts=&#8221;yes&#8221; rs_decor_place=&#8221;2&#8243;][\/vc_custom_heading][vc_column_text]Skutki AMD odczuwaj\u0105 pacjenci, ich rodziny i ca\u0142e spo\u0142ecze\u0144stwo. Koszty w 2010 roku na ca\u0142ym \u015bwiecie zwi\u0105zane z niedowidzeniem z powodu AMD szacuje si\u0119 na 343 mld dolar\u00f3w.<\/p>\n<p>Mokra AMD obni\u017ca jako\u015b\u0107 \u017cycia chorych, utrudniaj\u0105c wykonywanie codziennych czynno\u015bci i bywa przyczyn\u0105 izolacji spo\u0142ecznej. Pacjenci z wysi\u0119kow\u0105 AMD cz\u0119\u015bciej ulegaj\u0105 depresji, ryzyko przedwczesnej \u015bmierci jest w\u015br\u00f3d nich dwa razy wy\u017csze, maj\u0105 zwi\u0119kszone ryzyko upadk\u00f3w i z\u0142ama\u0144 szyjki ko\u015bci udowej i, co za tym idzie, wcze\u015bniej trafiaj\u0105 do dom\u00f3w opieki. W samym tylko 2010 roku chorzy z mokrym AMD stracili \u0142\u0105cznie oko\u0142o 6 mln zdrowych lat z powodu niepe\u0142nosprawno\u015bci i przedwczesnej \u015bmierci. \/ Przychodnia okulistyczna Lublin<\/p>\n<p>[\/vc_column_text][vc_empty_space height=&#8221;20px&#8221;][\/vc_column_inner][\/vc_row_inner][vc_row_inner][vc_column_inner][vc_custom_heading text=&#8221;Jak leczy si\u0119 AMD?&#8221; use_theme_fonts=&#8221;yes&#8221; rs_decor_place=&#8221;2&#8243;][\/vc_custom_heading][vc_column_text]Obecnie nie ma terapii lekowej skutecznej w przypadku suchej AMD, ale studium chor\u00f3b oczu zwi\u0105zanych z wiekiem ( AREDS ) opracowane przez Krajowy Instytut Oka (NEI) z Narodowego Instytutu Zdrowia USA dowiod\u0142o, \u017ce kombinacja przeciwutleniaczy i cynku w du\u017cej dawce (preparat AREDS) znacznie zmniejsza ryzyko zaawansowanej AMD i utraty wzroku u niekt\u00f3rych pacjent\u00f3w.<\/p>\n<p>W najnowszym studium AREDS2 opisano preparat AREDS o innym sk\u0142adzie. Beta-karoten zosta\u0142 zast\u0105piony przez dwa przeciwutleniacze lutein\u0119 \/ zeaksantyn\u0119, a st\u0119\u017cenie cynku znacznie zredukowano. Badania wykaza\u0142y r\u00f3wnie\u017c, \u017ce spo\u017cycie kwas\u00f3w t\u0142uszczowych omega -3 korzystnie wp\u0142ywa na proces widzenia. Omega- 3 jako suplement diety nie zmniejsza jednak ryzyka zaawansowanego AMD.<\/p>\n<p>Naukowcy NEI zalecaj\u0105 pacjentom z du\u017cymi druzami w obu oczach lub z zaawansowanym AMD w jednym oku przyjmowanie suplement\u00f3w AREDS. Rekomenduj\u0105 r\u00f3wnie\u017c zdrow\u0105 diet\u0119 bogat\u0105 w zielone li\u015bciaste warzywa i ryby.<\/p>\n<p>Poniewa\u017c nie ma lekarstw przeciwko mokrej AMD za najbardziej dost\u0119pne i skuteczne uwa\u017ca si\u0119 nast\u0119puj\u0105ce podej\u015bcie:<\/p>\n<ul>\n<li>Terapia anty \u2013 VEGF: Opiera si\u0119 ona na zastosowaniu lek\u00f3w blokuj\u0105cych VEGF (czynnik wzrostu \u015br\u00f3db\u0142onka naczyniowego). Cz\u0105steczka VEGF wspomaga rozrost nienormalnych naczy\u0144 krwiono\u015bnych w wysi\u0119kowej postaci AMD . Obecnie istniej\u0105 trzy leki przeciwko VEGF: Macugen , Lucentis i Eylea, zatwierdzone w Stanach Zjednoczonych i innych krajach. Leki te wstrzykuje si\u0119 do oka. Stabilizuje to proces utraty wzroku, a u niekt\u00f3rych os\u00f3b wzrok si\u0119 poprawia. Iniekcji mo\u017cna dokonywa\u0107 raz na miesi\u0105c.<\/li>\n<\/ul>\n<p>Stosuje si\u0119 r\u00f3wnie\u017c starsz\u0105 metod\u0119, tak\u0105 jak chirurgia laserowa:<\/p>\n<ul>\n<li>Chirurgia laserowa : Wykorzystuje laser do niszczenia kruchych, nieszczelnych naczy\u0144 krwiono\u015bnych.<\/li>\n<\/ul>\n<p>Tylko u niewielu os\u00f3b z wysi\u0119kowym AMD mo\u017cna wykorzysta\u0107 laser, mog\u0105 bowiem ulec zniszczeniu zdrowe tkanki, co prowadzi do zaburze\u0144 widzenia. Ryzyko przyrostu nowych naczy\u0144 krwiono\u015bnych po obr\u00f3bce laserowej jest wysokie, a wi\u0119c mo\u017ce by\u0107 potrzebne wielokrotne powtarzanie zabiegu. Ze wzgl\u0119du na swoje wady , chirurgia laserowa nie jest ju\u017c szeroko stosowana w leczeniu wysi\u0119kowego AMD.<\/p>\n<p>Zapraszamy do kontaktu, <a href=\"https:\/\/e-okulistyka.pl\/kontakt\/\">kliknij tutaj<\/a> by przej\u015b\u0107 na podstron\u0119 z adresami i mapk\u0105 dojazdu do naszych oddzia\u0142\u00f3w. Tutaj znajdziesz link do portalu Medycyna Praktyczna. <a href=\"https:\/\/www.mp.pl\/pacjent\/okulistyka\/aktualnosci\" target=\"_blank\" rel=\"noopener\">Kliknij<\/a> by przeczyta\u0107 informacje z zakresu okulistyki<\/p>\n<p>[\/vc_column_text][vc_text_separator title=&#8221;&#8221; i_icon_fontawesome=&#8221;far fa-eye&#8221; i_size=&#8221;sm&#8221; color=&#8221;blue&#8221; border_width=&#8221;2&#8243; add_icon=&#8221;true&#8221;][vc_empty_space][\/vc_column_inner][\/vc_row_inner][\/vc_column][\/vc_row][vc_row el_id=&#8221;formularz_iniekcje&#8221;][vc_column][vc_empty_space][vc_custom_heading text=&#8221;Formularz ws. iniekcji&#8221; use_theme_fonts=&#8221;yes&#8221; rs_decor_place=&#8221;2&#8243;][\/vc_custom_heading][vc_empty_space][\/vc_column][\/vc_row][vc_row][vc_column width=&#8221;2\/3&#8243;][contact-form-7 id=&#8221;2383&#8243;][\/vc_column][vc_column width=&#8221;1\/3&#8243;][\/vc_column][\/vc_row]<\/p>\n","protected":false},"excerpt":{"rendered":"<p>[vc_row rsclass=&#8221;clean&#8221;][vc_column rsclass=&#8221;clean&#8221; el_class=&#8221;container&#8221;][vc_empty_space][\/vc_column][\/vc_row][vc_row][vc_column width=&#8221;1\/3&#8243;][stat_counter icon_size=&#8221;32&#8243; counter_title=&#8221;Liczba Pacjent\u00f3w aktywnie leczonych w PL&#8221; counter_value=&#8221;375&#8243; speed=&#8221;3&#8243;][\/vc_column][vc_column width=&#8221;1\/3&#8243;][stat_counter icon_size=&#8221;32&#8243; counter_title=&#8221;Pozycja w rankingu w woj. lubelskim&#8221; counter_value=&#8221;2&#8243; speed=&#8221;3&#8243;][\/vc_column][vc_column width=&#8221;1\/3&#8243;][stat_counter icon_size=&#8221;32&#8243; counter_title=&#8221;Czas trwania programu (mies.)&#8221; counter_value=&#8221;60&#8243; speed=&#8221;3&#8243;][\/vc_column][vc_column][vc_empty_space height=&#8221;16px&#8221;][vc_custom_heading text=&#8221;Zapisz si\u0119 na konsultacj\u0119 okulistyczn\u0105 do iniekcji&#8221; font_container=&#8221;tag:h4|text_align:center&#8221; use_theme_fonts=&#8221;yes&#8221; rs_decor_place=&#8221;2&#8243;][\/vc_custom_heading][vc_column_text css_animation=&#8221;bounceIn&#8221;] Zapisz si\u0119 [\/vc_column_text][vc_text_separator title=&#8221;&#8221; i_icon_fontawesome=&#8221;far fa-eye&#8221; i_size=&#8221;sm&#8221; color=&#8221;blue&#8221; border_width=&#8221;2&#8243; add_icon=&#8221;true&#8221;][\/vc_column][\/vc_row][vc_row][vc_column][vc_row_inner][vc_column_inner][vc_custom_heading text=&#8221;Co [&hellip;]<\/p>\n","protected":false},"author":2,"featured_media":3126,"parent":0,"menu_order":0,"comment_status":"closed","ping_status":"closed","template":"custompagett.php","meta":{"footnotes":""},"class_list":["post-2375","page","type-page","status-publish","has-post-thumbnail","hentry"],"_links":{"self":[{"href":"https:\/\/testtest.dfirma.pl\/index.php\/wp-json\/wp\/v2\/pages\/2375","targetHints":{"allow":["GET"]}}],"collection":[{"href":"https:\/\/testtest.dfirma.pl\/index.php\/wp-json\/wp\/v2\/pages"}],"about":[{"href":"https:\/\/testtest.dfirma.pl\/index.php\/wp-json\/wp\/v2\/types\/page"}],"author":[{"embeddable":true,"href":"https:\/\/testtest.dfirma.pl\/index.php\/wp-json\/wp\/v2\/users\/2"}],"replies":[{"embeddable":true,"href":"https:\/\/testtest.dfirma.pl\/index.php\/wp-json\/wp\/v2\/comments?post=2375"}],"version-history":[{"count":0,"href":"https:\/\/testtest.dfirma.pl\/index.php\/wp-json\/wp\/v2\/pages\/2375\/revisions"}],"wp:featuredmedia":[{"embeddable":true,"href":"https:\/\/testtest.dfirma.pl\/index.php\/wp-json\/wp\/v2\/media\/3126"}],"wp:attachment":[{"href":"https:\/\/testtest.dfirma.pl\/index.php\/wp-json\/wp\/v2\/media?parent=2375"}],"curies":[{"name":"wp","href":"https:\/\/api.w.org\/{rel}","templated":true}]}}