{"id":139,"date":"2021-02-15T17:07:15","date_gmt":"2021-02-15T16:07:15","guid":{"rendered":"https:\/\/e-okulistyka.pl\/contacts\/"},"modified":"2021-02-15T17:07:15","modified_gmt":"2021-02-15T16:07:15","slug":"kontakt","status":"publish","type":"page","link":"https:\/\/testtest.dfirma.pl\/index.php\/kontakt\/","title":{"rendered":"Kontakt"},"content":{"rendered":"<p>[vc_row rsclass=&#8221;clean&#8221; el_class=&#8221;section mt-0 googlemap__contact&#8221;][vc_column rsclass=&#8221;clean&#8221;][vc_gmaps link=&#8221;#E-8_JTNDaWZyYW1lJTIwc3JjJTNEJTIyaHR0cHMlM0ElMkYlMkZ3d3cuZ29vZ2xlLmNvbSUyRm1hcHMlMkZkJTJGdSUyRjAlMkZlbWJlZCUzRm1pZCUzRDFKZFY2dUhBV1VEeTV5dUNpYlVKNzYzRHR2alJ1Vkl6MSUyMiUyMHdpZHRoJTNEJTIyNjAwJTIyJTIwaGVpZ2h0JTNEJTIyNTAwJTIyJTIwZnJhbWVib3JkZXIlM0QlMjIwJTIyJTIwc3R5bGUlM0QlMjJib3JkZXIlM0EwJTIyJTIwYWxsb3dmdWxsc2NyZWVuJTNFJTNDJTJGaWZyYW1lJTNF&#8221;][vc_empty_space][\/vc_column][\/vc_row][vc_row content_placement=&#8221;middle&#8221; css=&#8221;.vc_custom_1616261190858{padding-top: 20px !important;padding-bottom: 20px !important;}&#8221;][vc_column css_animation=&#8221;bounceInUp&#8221; width=&#8221;1\/5&#8243;][vc_custom_heading text=&#8221;Poradnie Specjalistyczne&#8221; font_container=&#8221;tag:h3|text_align:center&#8221; use_theme_fonts=&#8221;yes&#8221; css_animation=&#8221;none&#8221; rs_decor_place=&#8221;2&#8243;][\/vc_custom_heading][vc_column_text css_animation=&#8221;none&#8221;]<\/p>\n<p class=\"text-center mt-2\" style=\"text-align: center;\"><a class=\"btn btn-sm btn-hover-fill\" href=\"#aos\">Przejd\u017a do<\/a><\/p>\n<p>[\/vc_column_text][\/vc_column][vc_column css_animation=&#8221;bounceInUp&#8221; width=&#8221;1\/5&#8243;][vc_custom_heading text=&#8221;Poradnie POZ&#8221; font_container=&#8221;tag:h3|text_align:center&#8221; use_theme_fonts=&#8221;yes&#8221; css_animation=&#8221;none&#8221; rs_decor_place=&#8221;2&#8243;][\/vc_custom_heading][vc_column_text css_animation=&#8221;none&#8221;]<\/p>\n<p class=\"text-center mt-2\" style=\"text-align: center;\"><a class=\"btn btn-sm btn-hover-fill\" href=\"#poz\">Przejd\u017a do<\/a><\/p>\n<p>[\/vc_column_text][\/vc_column][vc_column css_animation=&#8221;bounceInUp&#8221; width=&#8221;1\/5&#8243;][vc_custom_heading text=&#8221;Oddzia\u0142y Szpitalne&#8221; font_container=&#8221;tag:h3|text_align:center&#8221; use_theme_fonts=&#8221;yes&#8221; css_animation=&#8221;none&#8221; rs_decor_place=&#8221;2&#8243;][\/vc_custom_heading][vc_column_text css_animation=&#8221;none&#8221;]<\/p>\n<p class=\"text-center mt-2\" style=\"text-align: center;\"><a class=\"btn btn-sm btn-hover-fill\" href=\"#oljd\">Przejd\u017a do<\/a><\/p>\n<p>[\/vc_column_text][\/vc_column][vc_column css_animation=&#8221;bounceInUp&#8221; width=&#8221;1\/5&#8243;][vc_custom_heading text=&#8221;Salony Optyczne&#8221; font_container=&#8221;tag:h3|text_align:center&#8221; use_theme_fonts=&#8221;yes&#8221; css_animation=&#8221;none&#8221; rs_decor_place=&#8221;2&#8243;][\/vc_custom_heading][vc_column_text css_animation=&#8221;none&#8221;]<\/p>\n<p class=\"text-center mt-2\" style=\"text-align: center;\"><a class=\"btn btn-sm btn-hover-fill\" href=\"#optyk\">Przejd\u017a do<\/a><\/p>\n<p>[\/vc_column_text][\/vc_column][vc_column css_animation=&#8221;bounceInUp&#8221; width=&#8221;1\/5&#8243;][vc_custom_heading text=&#8221;Formularz kontaktowy&#8221; font_container=&#8221;tag:h3|text_align:center&#8221; use_theme_fonts=&#8221;yes&#8221; css_animation=&#8221;none&#8221; rs_decor_place=&#8221;2&#8243;][\/vc_custom_heading][vc_column_text css_animation=&#8221;none&#8221;]<\/p>\n<p class=\"text-center mt-2\" style=\"text-align: center;\"><a class=\"btn btn-sm btn-hover-fill\" href=\"#formularz\">Przejd\u017a do<\/a><\/p>\n<p>[\/vc_column_text][\/vc_column][vc_column][vc_empty_space height=&#8221;64px&#8221;][\/vc_column][\/vc_row][vc_row content_placement=&#8221;middle&#8221; css=&#8221;.vc_custom_1620471808029{margin-top: 20px !important;margin-bottom: 20px !important;}&#8221; el_id=&#8221;aos&#8221;][vc_column][vc_custom_heading text=&#8221;Poradnie Specjalistyczne&#8221; font_container=&#8221;tag:h2|text_align:center&#8221; use_theme_fonts=&#8221;yes&#8221; rs_decor_place=&#8221;2&#8243;][\/vc_custom_heading][\/vc_column][\/vc_row][vc_row css_animation=&#8221;none&#8221; rsclass=&#8221;clean&#8221; el_class=&#8221;section mt-0 bg-grey&#8221;][vc_column rsclass=&#8221;clean&#8221; el_class=&#8221;container&#8221;][vc_row_inner rsclass=&#8221;clean&#8221; el_class=&#8221;row&#8221;][vc_column_inner el_class=&#8221;col-md&#8221; width=&#8221;1\/3&#8243; rsclass=&#8221;clean&#8221;][vc_custom_heading text=&#8221;Poradnia Okulistyczna&#8221; font_container=&#8221;tag:h5|text_align:left&#8221; use_theme_fonts=&#8221;yes&#8221; rs_decor_place=&#8221;2&#8243; rsouter=&#8221;title-wrap&#8221; el_class=&#8221;pt-0&#8243;]<\/p>\n<div class=\"h-decor\"><\/div>\n<p>[\/vc_custom_heading][vc_column_text rsclass=&#8221;clean&#8221;]<\/p>\n<ul class=\"icn-list-lg\">\n<li>[medin_icon icon=&#8221;icon-placeholder-for-map-1&#8243;]ul. Pi\u0142sudskiego 63 (I pi\u0119tro), 23-100 Bychawa<\/li>\n<\/ul>\n<p>[\/vc_column_text][\/vc_column_inner][vc_column_inner el_class=&#8221;col-md mt-3 mt-md-0&#8243; width=&#8221;1\/3&#8243; rsclass=&#8221;clean&#8221;][vc_custom_heading text=&#8221;Kontakt&#8221; font_container=&#8221;tag:h5|text_align:left&#8221; use_theme_fonts=&#8221;yes&#8221; rs_decor_place=&#8221;2&#8243; rsouter=&#8221;title-wrap&#8221; el_class=&#8221;pt-0&#8243;]<\/p>\n<div class=\"h-decor\"><\/div>\n<p>[\/vc_custom_heading][vc_column_text rsclass=&#8221;clean&#8221;]<\/p>\n<ul class=\"icn-list-lg\">\n<li>[medin_icon icon=&#8221;icon-telephone-1&#8243;]Telefon: <span class=\"theme-color\"><span class=\"text-nowrap\">81-566-27-97<\/span><\/span><span class=\"theme-color\"><span class=\"text-nowrap\"><br \/>\n<\/span><\/span><\/li>\n<li>[medin_icon icon=&#8221;icon-black-envelope&#8221;]<a href=\"mailto:bychawa@e-okulistyka.pl\">bychawa@e-okulistyka.pl<\/a><\/li>\n<\/ul>\n<p><span style=\"color: #f6f7f9;\">Kontakt<\/span><\/p>\n<p>[\/vc_column_text][\/vc_column_inner][vc_column_inner el_class=&#8221;col-md mt-3 mt-md-0&#8243; width=&#8221;1\/3&#8243; rsclass=&#8221;clean&#8221;][vc_custom_heading text=&#8221;Godziny&#8221; font_container=&#8221;tag:h5|text_align:left&#8221; use_theme_fonts=&#8221;yes&#8221; rs_decor_place=&#8221;2&#8243; rsouter=&#8221;title-wrap&#8221; el_class=&#8221;pt-0&#8243;]<\/p>\n<div class=\"h-decor\"><\/div>\n<p>[\/vc_custom_heading][vc_column_text rsclass=&#8221;clean&#8221;]<\/p>\n<ul class=\"icn-list-lg\">\n<li>[medin_icon icon=&#8221;icon-icon-3&#8243;]\n<div>\n<div class=\"d-flex\">Poniedzia\u0142ek &#8211; Pi\u0105tek<span class=\"ml-auto theme-color\">7:00 &#8211; 15:00<\/span><\/div>\n<div class=\"d-flex\">Sobota<span class=\"ml-auto theme-color\">nieczynne<\/span><\/div>\n<div class=\"d-flex\">Niedziela<span class=\"ml-auto theme-color\">nieczynne<\/span><\/div>\n<\/div>\n<\/li>\n<\/ul>\n<p>[\/vc_column_text][\/vc_column_inner][\/vc_row_inner][vc_tta_accordion section_title_tag=&#8221;h6&#8243; style=&#8221;outline&#8221; c_icon=&#8221;&#8221; active_section=&#8221;0&#8243; css_animation=&#8221;none&#8221;][vc_tta_section i_type=&#8221;openiconic&#8221; i_icon_openiconic=&#8221;vc-oi vc-oi-aperture-alt&#8221; add_icon=&#8221;true&#8221; title=&#8221;Zdj\u0119cie obiektu (kliknij)&#8221; tab_id=&#8221;1664179629346-bdd378b4-c4c3&#8243;][vc_single_image image=&#8221;4314&#8243; onclick=&#8221;link_image&#8221;][\/vc_single_image][\/vc_tta_section][\/vc_tta_accordion][vc_empty_space][vc_separator color=&#8221;sky&#8221; border_width=&#8221;2&#8243; css_animation=&#8221;none&#8221;][vc_empty_space][vc_row_inner rsclass=&#8221;clean&#8221; el_class=&#8221;row&#8221;][vc_column_inner el_class=&#8221;col-md&#8221; width=&#8221;1\/3&#8243; rsclass=&#8221;clean&#8221;][vc_custom_heading text=&#8221;Poradnia Okulistyczna<br \/>\nLaboratorium LUXMED&#8221; font_container=&#8221;tag:h5|text_align:left&#8221; use_theme_fonts=&#8221;yes&#8221; rs_decor_place=&#8221;2&#8243; rsouter=&#8221;title-wrap&#8221; el_class=&#8221;pt-0&#8243;]<\/p>\n<div class=\"h-decor\"><\/div>\n<p>[\/vc_custom_heading][vc_column_text rsclass=&#8221;clean&#8221;]<\/p>\n<ul class=\"icn-list-lg\">\n<li>[medin_icon icon=&#8221;icon-placeholder-for-map-1&#8243;]ul. Wyspia\u0144skiego 23, 22-600 Tomasz\u00f3w Lubelski<\/li>\n<\/ul>\n<p>[\/vc_column_text][\/vc_column_inner][vc_column_inner el_class=&#8221;col-md mt-3 mt-md-0&#8243; width=&#8221;1\/3&#8243; rsclass=&#8221;clean&#8221;][vc_custom_heading text=&#8221;Kontakt&#8221; font_container=&#8221;tag:h5|text_align:left&#8221; use_theme_fonts=&#8221;yes&#8221; rs_decor_place=&#8221;2&#8243; rsouter=&#8221;title-wrap&#8221; el_class=&#8221;pt-0&#8243;]<\/p>\n<div class=\"h-decor\"><\/div>\n<p>[\/vc_custom_heading][vc_column_text rsclass=&#8221;clean&#8221;]<\/p>\n<ul class=\"icn-list-lg\">\n<li>[medin_icon icon=&#8221;icon-telephone-1&#8243;]Telefon: <span class=\"theme-color\"><span class=\"text-nowrap\">84-618-33-62<\/span><\/span><\/li>\n<li>[medin_icon icon=&#8221;icon-telephone-1&#8243;]Telefon: <span class=\"theme-color\"><span class=\"text-nowrap\">84-641-37-03<\/span><\/span><\/li>\n<li>[medin_icon icon=&#8221;icon-black-envelope&#8221;]<a href=\"mailto:tomaszowlubelski@e-okulistyka.pl\">tomaszowlubelski@e-okulistyka.pl<\/a><\/li>\n<\/ul>\n<p>[\/vc_column_text][\/vc_column_inner][vc_column_inner el_class=&#8221;col-md mt-3 mt-md-0&#8243; width=&#8221;1\/3&#8243; rsclass=&#8221;clean&#8221;][vc_custom_heading text=&#8221;Godziny&#8221; font_container=&#8221;tag:h5|text_align:left&#8221; use_theme_fonts=&#8221;yes&#8221; rs_decor_place=&#8221;2&#8243; rsouter=&#8221;title-wrap&#8221; el_class=&#8221;pt-0&#8243;]<\/p>\n<div class=\"h-decor\"><\/div>\n<p>[\/vc_custom_heading][vc_column_text rsclass=&#8221;clean&#8221;]<\/p>\n<ul class=\"icn-list-lg\">\n<li>[medin_icon icon=&#8221;icon-icon-3&#8243;]\n<div>\n<div class=\"d-flex\">Poniedzia\u0142ek &#8211; Czwartek<span class=\"ml-auto theme-color\">7:00 &#8211; 15:00<\/span><\/div>\n<div class=\"d-flex\">Pi\u0105tek<span class=\"ml-auto theme-color\">7:00 &#8211; 19:00<\/span><\/div>\n<div class=\"d-flex\">Sobota<span class=\"ml-auto theme-color\">nieczynne<\/span><\/div>\n<div class=\"d-flex\">Niedziela<span class=\"ml-auto theme-color\">nieczynne<\/span><\/div>\n<\/div>\n<\/li>\n<\/ul>\n<p>[\/vc_column_text][\/vc_column_inner][\/vc_row_inner][vc_tta_accordion section_title_tag=&#8221;h6&#8243; style=&#8221;outline&#8221; c_icon=&#8221;&#8221; active_section=&#8221;0&#8243; css_animation=&#8221;none&#8221;][vc_tta_section i_type=&#8221;openiconic&#8221; i_icon_openiconic=&#8221;vc-oi vc-oi-aperture-alt&#8221; add_icon=&#8221;true&#8221; title=&#8221;Zdj\u0119cie obiektu (kliknij)&#8221; tab_id=&#8221;1664186161341-433c0eb8-55ac&#8221;][vc_single_image image=&#8221;4055&#8243; onclick=&#8221;link_image&#8221;][\/vc_single_image][\/vc_tta_section][\/vc_tta_accordion][vc_empty_space][vc_separator color=&#8221;sky&#8221; border_width=&#8221;2&#8243; css_animation=&#8221;none&#8221;][vc_empty_space][vc_row_inner rsclass=&#8221;clean&#8221; el_class=&#8221;row&#8221;][vc_column_inner el_class=&#8221;col-md&#8221; width=&#8221;1\/3&#8243; rsclass=&#8221;clean&#8221;][vc_custom_heading text=&#8221;Poradnia Okulistyczna<br \/>\nLaboratorium LUXMED&#8221; font_container=&#8221;tag:h5|text_align:left&#8221; use_theme_fonts=&#8221;yes&#8221; rs_decor_place=&#8221;2&#8243; rsouter=&#8221;title-wrap&#8221; el_class=&#8221;pt-0&#8243;]<\/p>\n<div class=\"h-decor\"><\/div>\n<p>[\/vc_custom_heading][vc_column_text rsclass=&#8221;clean&#8221;]<\/p>\n<ul class=\"icn-list-lg\">\n<li>[medin_icon icon=&#8221;icon-placeholder-for-map-1&#8243;]ul. Rado\u015bci 9\/5a, 20-530 Lublin<\/li>\n<\/ul>\n<p>[\/vc_column_text][\/vc_column_inner][vc_column_inner el_class=&#8221;col-md mt-3 mt-md-0&#8243; width=&#8221;1\/3&#8243; rsclass=&#8221;clean&#8221;][vc_custom_heading text=&#8221;Kontakt&#8221; font_container=&#8221;tag:h5|text_align:left&#8221; use_theme_fonts=&#8221;yes&#8221; rs_decor_place=&#8221;2&#8243; rsouter=&#8221;title-wrap&#8221; el_class=&#8221;pt-0&#8243;]<\/p>\n<div class=\"h-decor\"><\/div>\n<p>[\/vc_custom_heading][vc_column_text rsclass=&#8221;clean&#8221;]<\/p>\n<ul class=\"icn-list-lg\">\n<li>[medin_icon icon=&#8221;icon-telephone-1&#8243;]Telefon: <span class=\"theme-color\"><span class=\"text-nowrap\">81-744-02-72<\/span><\/span><\/li>\n<li>[medin_icon icon=&#8221;icon-black-envelope&#8221;]<a href=\"mailto:radosci@e-okulistyka.pl\">radosci@e-okulistyka.pl<\/a><\/li>\n<\/ul>\n<p>[\/vc_column_text][\/vc_column_inner][vc_column_inner el_class=&#8221;col-md mt-3 mt-md-0&#8243; width=&#8221;1\/3&#8243; rsclass=&#8221;clean&#8221;][vc_custom_heading text=&#8221;Godziny&#8221; font_container=&#8221;tag:h5|text_align:left&#8221; use_theme_fonts=&#8221;yes&#8221; rs_decor_place=&#8221;2&#8243; rsouter=&#8221;title-wrap&#8221; el_class=&#8221;pt-0&#8243;]<\/p>\n<div class=\"h-decor\"><\/div>\n<p>[\/vc_custom_heading][vc_column_text rsclass=&#8221;clean&#8221;]<\/p>\n<ul class=\"icn-list-lg\">\n<li>[medin_icon icon=&#8221;icon-icon-3&#8243;]\n<div>\n<div class=\"d-flex\">Poniedzia\u0142ek &#8211; Czwartek<span class=\"ml-auto theme-color\">7:00 &#8211; 15:00<\/span><\/div>\n<div class=\"d-flex\">Pi\u0105tek<span class=\"ml-auto theme-color\">7:00 &#8211; 19:00<\/span><\/div>\n<div class=\"d-flex\">Sobota<span class=\"ml-auto theme-color\">nieczynne<\/span><\/div>\n<div class=\"d-flex\">Niedziela<span class=\"ml-auto theme-color\">nieczynne<\/span><\/div>\n<\/div>\n<\/li>\n<\/ul>\n<p>[\/vc_column_text][\/vc_column_inner][\/vc_row_inner][vc_empty_space][vc_separator color=&#8221;sky&#8221; border_width=&#8221;2&#8243; css_animation=&#8221;none&#8221;][vc_empty_space][vc_row_inner rsclass=&#8221;clean&#8221; el_class=&#8221;row&#8221;][vc_column_inner el_class=&#8221;col-md&#8221; width=&#8221;1\/3&#8243; rsclass=&#8221;clean&#8221;][vc_custom_heading text=&#8221;Poradnia Okulistyczna&#8221; font_container=&#8221;tag:h5|text_align:left&#8221; use_theme_fonts=&#8221;yes&#8221; rs_decor_place=&#8221;2&#8243; rsouter=&#8221;title-wrap&#8221; el_class=&#8221;pt-0&#8243;]<\/p>\n<div class=\"h-decor\"><\/div>\n<p>[\/vc_custom_heading][vc_column_text rsclass=&#8221;clean&#8221;]<\/p>\n<ul class=\"icn-list-lg\">\n<li>[medin_icon icon=&#8221;icon-placeholder-for-map-1&#8243;]ul. Ko\u015bcielna 136, 21-200 Parczew<\/li>\n<\/ul>\n<p>[\/vc_column_text][\/vc_column_inner][vc_column_inner el_class=&#8221;col-md mt-3 mt-md-0&#8243; width=&#8221;1\/3&#8243; rsclass=&#8221;clean&#8221;][vc_custom_heading text=&#8221;Kontakt&#8221; font_container=&#8221;tag:h5|text_align:left&#8221; use_theme_fonts=&#8221;yes&#8221; rs_decor_place=&#8221;2&#8243; rsouter=&#8221;title-wrap&#8221; el_class=&#8221;pt-0&#8243;]<\/p>\n<div class=\"h-decor\"><\/div>\n<p>[\/vc_custom_heading][vc_column_text rsclass=&#8221;clean&#8221;]<\/p>\n<ul class=\"icn-list-lg\">\n<li>[medin_icon icon=&#8221;icon-telephone-1&#8243;]Telefon: <span class=\"theme-color\"><span class=\"text-nowrap\">83-355-21-90<\/span><\/span><\/li>\n<li>[medin_icon icon=&#8221;icon-black-envelope&#8221;]<a href=\"mailto:parczew@e-okulistyka.pl\">parczew@e-okulistyka.pl<\/a><\/li>\n<\/ul>\n<p>[\/vc_column_text][\/vc_column_inner][vc_column_inner el_class=&#8221;col-md mt-3 mt-md-0&#8243; width=&#8221;1\/3&#8243; rsclass=&#8221;clean&#8221;][vc_custom_heading text=&#8221;Godziny&#8221; font_container=&#8221;tag:h5|text_align:left&#8221; use_theme_fonts=&#8221;yes&#8221; rs_decor_place=&#8221;2&#8243; rsouter=&#8221;title-wrap&#8221; el_class=&#8221;pt-0&#8243;]<\/p>\n<div class=\"h-decor\"><\/div>\n<p>[\/vc_custom_heading][vc_column_text rsclass=&#8221;clean&#8221;]<\/p>\n<ul class=\"icn-list-lg\">\n<li>[medin_icon icon=&#8221;icon-icon-3&#8243;]\n<div>\n<div class=\"d-flex\">Poniedzia\u0142ek &#8211; Czwartek<span class=\"ml-auto theme-color\">7:00 &#8211; 15:00<\/span><\/div>\n<div class=\"d-flex\">Pi\u0105tek<span class=\"ml-auto theme-color\">7:00 &#8211; 19:00<\/span><\/div>\n<div class=\"d-flex\">Sobota<span class=\"ml-auto theme-color\">nieczynne<\/span><\/div>\n<div class=\"d-flex\">Niedziela<span class=\"ml-auto theme-color\">nieczynne<\/span><\/div>\n<\/div>\n<\/li>\n<\/ul>\n<p>[\/vc_column_text][\/vc_column_inner][\/vc_row_inner][vc_empty_space][vc_separator color=&#8221;sky&#8221; border_width=&#8221;2&#8243; css_animation=&#8221;none&#8221;][vc_empty_space][vc_row_inner rsclass=&#8221;clean&#8221; el_class=&#8221;row&#8221;][vc_column_inner el_class=&#8221;col-md&#8221; width=&#8221;1\/3&#8243; rsclass=&#8221;clean&#8221;][vc_custom_heading text=&#8221;Poradnia Psychologiczna dla dzieci&#8221; font_container=&#8221;tag:h5|text_align:left&#8221; use_theme_fonts=&#8221;yes&#8221; rs_decor_place=&#8221;2&#8243; rsouter=&#8221;title-wrap&#8221; el_class=&#8221;pt-0&#8243;]<\/p>\n<div class=\"h-decor\"><\/div>\n<p>[\/vc_custom_heading][vc_column_text rsclass=&#8221;clean&#8221;]<\/p>\n<ul class=\"icn-list-lg\">\n<li>[medin_icon icon=&#8221;icon-placeholder-for-map-1&#8243;]ul. Pi\u0142sudskiego 63, 23-100 Bychawa<\/li>\n<\/ul>\n<p>[\/vc_column_text][\/vc_column_inner][vc_column_inner el_class=&#8221;col-md mt-3 mt-md-0&#8243; width=&#8221;1\/3&#8243; rsclass=&#8221;clean&#8221;][vc_custom_heading text=&#8221;Kontakt&#8221; font_container=&#8221;tag:h5|text_align:left&#8221; use_theme_fonts=&#8221;yes&#8221; rs_decor_place=&#8221;2&#8243; rsouter=&#8221;title-wrap&#8221; el_class=&#8221;pt-0&#8243;]<\/p>\n<div class=\"h-decor\"><\/div>\n<p>[\/vc_custom_heading][vc_column_text rsclass=&#8221;clean&#8221;]<\/p>\n<ul class=\"icn-list-lg\">\n<li>[medin_icon icon=&#8221;icon-telephone-1&#8243;]Telefon: <span class=\"theme-color\"><span class=\"text-nowrap\">81-478-73-99<\/span><\/span><\/li>\n<li>[medin_icon icon=&#8221;icon-black-envelope&#8221;]<a href=\"mailto:pozbychawa@e-okulistyka.pl\">pozbychawa@e-okulistyka.pl<\/a><\/li>\n<\/ul>\n<p>[\/vc_column_text][\/vc_column_inner][vc_column_inner el_class=&#8221;col-md mt-3 mt-md-0&#8243; width=&#8221;1\/3&#8243; rsclass=&#8221;clean&#8221;][vc_custom_heading text=&#8221;Godziny&#8221; font_container=&#8221;tag:h5|text_align:left&#8221; use_theme_fonts=&#8221;yes&#8221; rs_decor_place=&#8221;2&#8243; rsouter=&#8221;title-wrap&#8221; el_class=&#8221;pt-0&#8243;]<\/p>\n<div class=\"h-decor\"><\/div>\n<p>[\/vc_custom_heading][vc_column_text rsclass=&#8221;clean&#8221;]<\/p>\n<ul class=\"icn-list-lg\">\n<li>[medin_icon icon=&#8221;icon-icon-3&#8243;]\n<div>\n<div class=\"d-flex\">Poniedzia\u0142ek &#8211; Czwartek<span class=\"ml-auto theme-color\">7:00 &#8211; 15:00<\/span><\/div>\n<div class=\"d-flex\">Pi\u0105tek<span class=\"ml-auto theme-color\">7:00 &#8211; 19:00<\/span><\/div>\n<div class=\"d-flex\">Sobota<span class=\"ml-auto theme-color\">nieczynne<\/span><\/div>\n<div class=\"d-flex\">Niedziela<span class=\"ml-auto theme-color\">nieczynne<\/span><\/div>\n<\/div>\n<\/li>\n<\/ul>\n<p>[\/vc_column_text][\/vc_column_inner][\/vc_row_inner][vc_empty_space][vc_separator color=&#8221;sky&#8221; border_width=&#8221;2&#8243; css_animation=&#8221;none&#8221;][vc_empty_space][vc_row_inner rsclass=&#8221;clean&#8221; el_class=&#8221;row&#8221;][vc_column_inner el_class=&#8221;col-md&#8221; width=&#8221;1\/3&#8243; rsclass=&#8221;clean&#8221;][vc_custom_heading text=&#8221;Poradnia Psychologiczna dla dzieci i doros\u0142ych&#8221; font_container=&#8221;tag:h5|text_align:left&#8221; use_theme_fonts=&#8221;yes&#8221; rs_decor_place=&#8221;2&#8243; rsouter=&#8221;title-wrap&#8221; el_class=&#8221;pt-0&#8243;]<\/p>\n<div class=\"h-decor\"><\/div>\n<p>[\/vc_custom_heading][vc_column_text rsclass=&#8221;clean&#8221;]<\/p>\n<ul class=\"icn-list-lg\">\n<li>[medin_icon icon=&#8221;icon-placeholder-for-map-1&#8243;]ul. Mickiewicza 28, 20-443 Lublin<\/li>\n<\/ul>\n<p>[\/vc_column_text][\/vc_column_inner][vc_column_inner el_class=&#8221;col-md mt-3 mt-md-0&#8243; width=&#8221;1\/3&#8243; rsclass=&#8221;clean&#8221;][vc_custom_heading text=&#8221;Kontakt&#8221; font_container=&#8221;tag:h5|text_align:left&#8221; use_theme_fonts=&#8221;yes&#8221; rs_decor_place=&#8221;2&#8243; rsouter=&#8221;title-wrap&#8221; el_class=&#8221;pt-0&#8243;]<\/p>\n<div class=\"h-decor\"><\/div>\n<p>[\/vc_custom_heading][vc_column_text rsclass=&#8221;clean&#8221;]<\/p>\n<ul class=\"icn-list-lg\">\n<li>[medin_icon icon=&#8221;icon-telephone-1&#8243;]Telefon: <span class=\"theme-color\"><span class=\"text-nowrap\">535-711-744<\/span><\/span><\/li>\n<li>[medin_icon icon=&#8221;icon-telephone-1&#8243;]Telefon: <span class=\"theme-color\"><span class=\"text-nowrap\">81-478-73-83<\/span><\/span><\/li>\n<li>[medin_icon icon=&#8221;icon-black-envelope&#8221;]<a href=\"mailto:pozmickiewicza@e-okulistyka.pl\">pozmickiewicza@e-okulistyka.pl<\/a><\/li>\n<\/ul>\n<p>[\/vc_column_text][\/vc_column_inner][vc_column_inner el_class=&#8221;col-md mt-3 mt-md-0&#8243; width=&#8221;1\/3&#8243; rsclass=&#8221;clean&#8221;][vc_custom_heading text=&#8221;Godziny&#8221; font_container=&#8221;tag:h5|text_align:left&#8221; use_theme_fonts=&#8221;yes&#8221; rs_decor_place=&#8221;2&#8243; rsouter=&#8221;title-wrap&#8221; el_class=&#8221;pt-0&#8243;]<\/p>\n<div class=\"h-decor\"><\/div>\n<p>[\/vc_custom_heading][vc_column_text rsclass=&#8221;clean&#8221;]<\/p>\n<ul class=\"icn-list-lg\">\n<li>[medin_icon icon=&#8221;icon-icon-3&#8243;]\n<div>\n<div class=\"d-flex\">Poniedzia\u0142ek &#8211; Pi\u0105tek<span class=\"ml-auto theme-color\">8:00 &#8211; 18:00<\/span><\/div>\n<div class=\"d-flex\">Sobota<span class=\"ml-auto theme-color\">nieczynne<\/span><\/div>\n<div class=\"d-flex\">Niedziela<span class=\"ml-auto theme-color\">nieczynne<\/span><\/div>\n<\/div>\n<\/li>\n<\/ul>\n<p>[\/vc_column_text][\/vc_column_inner][\/vc_row_inner][vc_empty_space][vc_separator color=&#8221;sky&#8221; border_width=&#8221;2&#8243; css_animation=&#8221;none&#8221;][vc_empty_space][vc_row_inner rsclass=&#8221;clean&#8221; el_class=&#8221;row&#8221;][vc_column_inner el_class=&#8221;col-md&#8221; width=&#8221;1\/3&#8243; rsclass=&#8221;clean&#8221;][vc_custom_heading text=&#8221;Poradnia Psychologiczna dla dzieci i doros\u0142ych&#8221; font_container=&#8221;tag:h5|text_align:left&#8221; use_theme_fonts=&#8221;yes&#8221; rs_decor_place=&#8221;2&#8243; rsouter=&#8221;title-wrap&#8221; el_class=&#8221;pt-0&#8243;]<\/p>\n<div class=\"h-decor\"><\/div>\n<p>[\/vc_custom_heading][vc_column_text rsclass=&#8221;clean&#8221;]<\/p>\n<ul class=\"icn-list-lg\">\n<li>[medin_icon icon=&#8221;icon-placeholder-for-map-1&#8243;]ul. Rado\u015bci 9\/5a, 20-530 Lublin<\/li>\n<\/ul>\n<p>[\/vc_column_text][\/vc_column_inner][vc_column_inner el_class=&#8221;col-md mt-3 mt-md-0&#8243; width=&#8221;1\/3&#8243; rsclass=&#8221;clean&#8221;][vc_custom_heading text=&#8221;Kontakt&#8221; font_container=&#8221;tag:h5|text_align:left&#8221; use_theme_fonts=&#8221;yes&#8221; rs_decor_place=&#8221;2&#8243; rsouter=&#8221;title-wrap&#8221; el_class=&#8221;pt-0&#8243;]<\/p>\n<div class=\"h-decor\"><\/div>\n<p>[\/vc_custom_heading][vc_column_text rsclass=&#8221;clean&#8221;]<\/p>\n<ul class=\"icn-list-lg\">\n<li>[medin_icon icon=&#8221;icon-telephone-1&#8243;]Telefon: <span class=\"theme-color\"><span class=\"text-nowrap\">81-744-02-72<\/span><\/span><\/li>\n<li>[medin_icon icon=&#8221;icon-black-envelope&#8221;]<a href=\"mailto:radosci@e-okulistyka.pl\">radosci@e-okulistyka.pl<\/a><\/li>\n<\/ul>\n<p>[\/vc_column_text][\/vc_column_inner][vc_column_inner el_class=&#8221;col-md mt-3 mt-md-0&#8243; width=&#8221;1\/3&#8243; rsclass=&#8221;clean&#8221;][vc_custom_heading text=&#8221;Godziny&#8221; font_container=&#8221;tag:h5|text_align:left&#8221; use_theme_fonts=&#8221;yes&#8221; rs_decor_place=&#8221;2&#8243; rsouter=&#8221;title-wrap&#8221; el_class=&#8221;pt-0&#8243;]<\/p>\n<div class=\"h-decor\"><\/div>\n<p>[\/vc_custom_heading][vc_column_text rsclass=&#8221;clean&#8221;]<\/p>\n<ul class=\"icn-list-lg\">\n<li>[medin_icon icon=&#8221;icon-icon-3&#8243;]\n<div>\n<div class=\"d-flex\">Poniedzia\u0142ek &#8211; Czwartek<span class=\"ml-auto theme-color\">7:00 &#8211; 15:00<\/span><\/div>\n<div class=\"d-flex\">Pi\u0105tek<span class=\"ml-auto theme-color\">7:00 &#8211; 19:00<\/span><\/div>\n<div class=\"d-flex\">Sobota<span class=\"ml-auto theme-color\">nieczynne<\/span><\/div>\n<div class=\"d-flex\">Niedziela<span class=\"ml-auto theme-color\">nieczynne<\/span><\/div>\n<\/div>\n<\/li>\n<\/ul>\n<p>[\/vc_column_text][\/vc_column_inner][\/vc_row_inner][vc_empty_space][vc_separator color=&#8221;sky&#8221; border_width=&#8221;2&#8243; css_animation=&#8221;none&#8221;][vc_empty_space][\/vc_column][\/vc_row][vc_row content_placement=&#8221;middle&#8221; css=&#8221;.vc_custom_1620471846042{margin-top: 20px !important;margin-bottom: 20px !important;}&#8221; el_id=&#8221;poz&#8221;][vc_column][vc_custom_heading text=&#8221;Poradnie POZ&#8221; font_container=&#8221;tag:h2|text_align:center&#8221; use_theme_fonts=&#8221;yes&#8221; rs_decor_place=&#8221;2&#8243;][\/vc_custom_heading][\/vc_column][\/vc_row][vc_row rsclass=&#8221;clean&#8221; el_class=&#8221;section mt-0 bg-grey&#8221;][vc_column rsclass=&#8221;clean&#8221; el_class=&#8221;container&#8221;][vc_row_inner rsclass=&#8221;clean&#8221; el_class=&#8221;row&#8221;][vc_column_inner el_class=&#8221;col-md&#8221; width=&#8221;1\/3&#8243; rsclass=&#8221;clean&#8221;][vc_custom_heading text=&#8221;Poradnia Lekarza POZ<br \/>\nLaboratorium LUXMED&#8221; font_container=&#8221;tag:h5|text_align:left&#8221; use_theme_fonts=&#8221;yes&#8221; css_animation=&#8221;none&#8221; rs_decor_place=&#8221;2&#8243; rsouter=&#8221;title-wrap&#8221; el_class=&#8221;pt-0&#8243;]<\/p>\n<div class=\"h-decor\"><\/div>\n<p>[\/vc_custom_heading][vc_column_text rsclass=&#8221;clean&#8221;]<\/p>\n<ul class=\"icn-list-lg\">\n<li>[medin_icon icon=&#8221;icon-placeholder-for-map-1&#8243;]ul. Pi\u0142sudskiego 63, 23-100 Bychawa<\/li>\n<\/ul>\n<p>[\/vc_column_text][\/vc_column_inner][vc_column_inner el_class=&#8221;col-md mt-3 mt-md-0&#8243; width=&#8221;1\/3&#8243; rsclass=&#8221;clean&#8221;][vc_custom_heading text=&#8221;Kontakt&#8221; font_container=&#8221;tag:h5|text_align:left&#8221; use_theme_fonts=&#8221;yes&#8221; rs_decor_place=&#8221;2&#8243; rsouter=&#8221;title-wrap&#8221; el_class=&#8221;pt-0&#8243;]<\/p>\n<div class=\"h-decor\"><\/div>\n<p>[\/vc_custom_heading][vc_column_text rsclass=&#8221;clean&#8221;]<\/p>\n<ul class=\"icn-list-lg\">\n<li>[medin_icon icon=&#8221;icon-telephone-1&#8243;]Telefon: <span class=\"theme-color\"><span class=\"text-nowrap\">81-478-73-93<br \/>\n<\/span><\/span><\/li>\n<li>[medin_icon icon=&#8221;icon-black-envelope&#8221;]<a href=\"mailto:pozbychawa@e-okulistyka.pl\">pozbychawa@e-okulistyka.pl<\/a><\/li>\n<\/ul>\n<p>[\/vc_column_text][\/vc_column_inner][vc_column_inner el_class=&#8221;col-md mt-3 mt-md-0&#8243; width=&#8221;1\/3&#8243; rsclass=&#8221;clean&#8221;][vc_custom_heading text=&#8221;Godziny&#8221; font_container=&#8221;tag:h5|text_align:left&#8221; use_theme_fonts=&#8221;yes&#8221; rs_decor_place=&#8221;2&#8243; rsouter=&#8221;title-wrap&#8221; el_class=&#8221;pt-0&#8243;]<\/p>\n<div class=\"h-decor\"><\/div>\n<p>[\/vc_custom_heading][vc_column_text rsclass=&#8221;clean&#8221;]<\/p>\n<ul class=\"icn-list-lg\">\n<li>[medin_icon icon=&#8221;icon-icon-3&#8243;]\n<div>\n<div class=\"d-flex\">Poniedzia\u0142ek &#8211; Pi\u0105tek<span class=\"ml-auto theme-color\">8:00 &#8211; 18:00<\/span><\/div>\n<div class=\"d-flex\">Sobota<span class=\"ml-auto theme-color\">nieczynne<\/span><\/div>\n<div class=\"d-flex\">Niedziela<span class=\"ml-auto theme-color\">nieczynne<\/span><\/div>\n<\/div>\n<\/li>\n<\/ul>\n<p>[\/vc_column_text][\/vc_column_inner][\/vc_row_inner][vc_empty_space][vc_separator color=&#8221;sky&#8221; border_width=&#8221;2&#8243; css_animation=&#8221;none&#8221;][vc_empty_space][vc_row_inner rsclass=&#8221;clean&#8221; el_class=&#8221;row&#8221;][vc_column_inner el_class=&#8221;col-md&#8221; width=&#8221;1\/3&#8243; rsclass=&#8221;clean&#8221;][vc_custom_heading text=&#8221;Poradnia Lekarza POZ<br \/>\nLaboratorium LUXMED&#8221; font_container=&#8221;tag:h5|text_align:left&#8221; use_theme_fonts=&#8221;yes&#8221; rs_decor_place=&#8221;2&#8243; rsouter=&#8221;title-wrap&#8221; el_class=&#8221;pt-0&#8243;]<\/p>\n<div class=\"h-decor\"><\/div>\n<p>[\/vc_custom_heading][vc_column_text rsclass=&#8221;clean&#8221;]<\/p>\n<ul class=\"icn-list-lg\">\n<li>[medin_icon icon=&#8221;icon-placeholder-for-map-1&#8243;]ul. Mickiewicza 28, 20-443 Lublin<\/li>\n<\/ul>\n<p>[\/vc_column_text][\/vc_column_inner][vc_column_inner el_class=&#8221;col-md mt-3 mt-md-0&#8243; width=&#8221;1\/3&#8243; rsclass=&#8221;clean&#8221;][vc_custom_heading text=&#8221;Kontakt&#8221; font_container=&#8221;tag:h5|text_align:left&#8221; use_theme_fonts=&#8221;yes&#8221; rs_decor_place=&#8221;2&#8243; rsouter=&#8221;title-wrap&#8221; el_class=&#8221;pt-0&#8243;]<\/p>\n<div class=\"h-decor\"><\/div>\n<p>[\/vc_custom_heading][vc_column_text rsclass=&#8221;clean&#8221;]<\/p>\n<ul class=\"icn-list-lg\">\n<li>[medin_icon icon=&#8221;icon-telephone-1&#8243;]Telefon: <span class=\"theme-color\"><span class=\"text-nowrap\">535-711-744<\/span><\/span><\/li>\n<li>[medin_icon icon=&#8221;icon-telephone-1&#8243;]Telefon: <span class=\"theme-color\"><span class=\"text-nowrap\">81-478-73-83<\/span><\/span><\/li>\n<li>[medin_icon icon=&#8221;icon-black-envelope&#8221;]<a href=\"mailto:pozmickiewicza@e-okulistyka.pl\">pozmickiewicza@e-okulistyka.pl<\/a><\/li>\n<\/ul>\n<p>[\/vc_column_text][\/vc_column_inner][vc_column_inner el_class=&#8221;col-md mt-3 mt-md-0&#8243; width=&#8221;1\/3&#8243; rsclass=&#8221;clean&#8221;][vc_custom_heading text=&#8221;Godziny&#8221; font_container=&#8221;tag:h5|text_align:left&#8221; use_theme_fonts=&#8221;yes&#8221; rs_decor_place=&#8221;2&#8243; rsouter=&#8221;title-wrap&#8221; el_class=&#8221;pt-0&#8243;]<\/p>\n<div class=\"h-decor\"><\/div>\n<p>[\/vc_custom_heading][vc_column_text rsclass=&#8221;clean&#8221;]<\/p>\n<ul class=\"icn-list-lg\">\n<li>[medin_icon icon=&#8221;icon-icon-3&#8243;]\n<div>\n<div class=\"d-flex\">Poniedzia\u0142ek &#8211; Pi\u0105tek<span class=\"ml-auto theme-color\">8:00 &#8211; 18:00<\/span><\/div>\n<div class=\"d-flex\">Sobota<span class=\"ml-auto theme-color\">nieczynne<\/span><\/div>\n<div class=\"d-flex\">Niedziela<span class=\"ml-auto theme-color\">nieczynne<\/span><\/div>\n<\/div>\n<\/li>\n<\/ul>\n<p>[\/vc_column_text][\/vc_column_inner][\/vc_row_inner][vc_empty_space][vc_separator color=&#8221;sky&#8221; border_width=&#8221;2&#8243; css_animation=&#8221;none&#8221;][vc_empty_space][vc_row_inner rsclass=&#8221;clean&#8221; el_class=&#8221;row&#8221;][vc_column_inner el_class=&#8221;col-md&#8221; width=&#8221;1\/3&#8243; rsclass=&#8221;clean&#8221;][vc_custom_heading text=&#8221;Poradnia Lekarza POZ&#8221; font_container=&#8221;tag:h5|text_align:left&#8221; use_theme_fonts=&#8221;yes&#8221; rs_decor_place=&#8221;2&#8243; rsouter=&#8221;title-wrap&#8221; el_class=&#8221;pt-0&#8243;]<\/p>\n<div class=\"h-decor\"><\/div>\n<p>[\/vc_custom_heading][vc_column_text rsclass=&#8221;clean&#8221;]<\/p>\n<ul class=\"icn-list-lg\">\n<li>[medin_icon icon=&#8221;icon-placeholder-for-map-1&#8243;]Tworycz\u00f3w 19, 22-448 Su\u0142\u00f3w<\/li>\n<\/ul>\n<p>[\/vc_column_text][\/vc_column_inner][vc_column_inner el_class=&#8221;col-md mt-3 mt-md-0&#8243; width=&#8221;1\/3&#8243; rsclass=&#8221;clean&#8221;][vc_custom_heading text=&#8221;Kontakt&#8221; font_container=&#8221;tag:h5|text_align:left&#8221; use_theme_fonts=&#8221;yes&#8221; rs_decor_place=&#8221;2&#8243; rsouter=&#8221;title-wrap&#8221; el_class=&#8221;pt-0&#8243;]<\/p>\n<div class=\"h-decor\"><\/div>\n<p>[\/vc_custom_heading][vc_column_text rsclass=&#8221;clean&#8221;]<\/p>\n<ul class=\"icn-list-lg\">\n<li>[medin_icon icon=&#8221;icon-telephone-1&#8243;]Telefon: <span class=\"theme-color\"><span class=\"text-nowrap\">887-337-338<\/span><\/span><\/li>\n<li>[medin_icon icon=&#8221;icon-black-envelope&#8221;]<a href=\"mailto:poztworzyczow@e-okulistyka.pl\">poztworzyczow@e-okulistyka.pl<\/a><\/li>\n<\/ul>\n<p><span style=\"color: #f6f7f9;\">kontakt<\/span><\/p>\n<p>[\/vc_column_text][\/vc_column_inner][vc_column_inner el_class=&#8221;col-md mt-3 mt-md-0&#8243; width=&#8221;1\/3&#8243; rsclass=&#8221;clean&#8221;][vc_custom_heading text=&#8221;Godziny&#8221; font_container=&#8221;tag:h5|text_align:left&#8221; use_theme_fonts=&#8221;yes&#8221; rs_decor_place=&#8221;2&#8243; rsouter=&#8221;title-wrap&#8221; el_class=&#8221;pt-0&#8243;]<\/p>\n<div class=\"h-decor\"><\/div>\n<p>[\/vc_custom_heading][vc_column_text rsclass=&#8221;clean&#8221;]<\/p>\n<ul class=\"icn-list-lg\">\n<li>[medin_icon icon=&#8221;icon-icon-3&#8243;]\n<div>\n<div class=\"d-flex\">Poniedzia\u0142ek &#8211; Czwartek<span class=\"ml-auto theme-color\">7:00 &#8211; 15:00<\/span><\/div>\n<div class=\"d-flex\">Pi\u0105tek<span class=\"ml-auto theme-color\">7:00 &#8211; 19:00<\/span><\/div>\n<div class=\"d-flex\">Sobota<span class=\"ml-auto theme-color\">nieczynne<\/span><\/div>\n<div class=\"d-flex\">Niedziela<span class=\"ml-auto theme-color\">nieczynne<\/span><\/div>\n<\/div>\n<\/li>\n<\/ul>\n<p>[\/vc_column_text][\/vc_column_inner][\/vc_row_inner][vc_empty_space][vc_separator color=&#8221;sky&#8221; border_width=&#8221;2&#8243; css_animation=&#8221;none&#8221;][vc_empty_space][vc_row_inner rsclass=&#8221;clean&#8221; el_class=&#8221;row&#8221;][vc_column_inner el_class=&#8221;col-md&#8221; width=&#8221;1\/3&#8243; rsclass=&#8221;clean&#8221;][vc_custom_heading text=&#8221;Poradnia Lekarza POZ&#8221; font_container=&#8221;tag:h5|text_align:left&#8221; use_theme_fonts=&#8221;yes&#8221; rs_decor_place=&#8221;2&#8243; rsouter=&#8221;title-wrap&#8221; el_class=&#8221;pt-0&#8243;]<\/p>\n<div class=\"h-decor\"><\/div>\n<p>[\/vc_custom_heading][vc_column_text rsclass=&#8221;clean&#8221;]<\/p>\n<ul class=\"icn-list-lg\">\n<li>[medin_icon icon=&#8221;icon-placeholder-for-map-1&#8243;]Prusa 23, 22-463 Radecznica<\/li>\n<\/ul>\n<p>[\/vc_column_text][\/vc_column_inner][vc_column_inner el_class=&#8221;col-md mt-3 mt-md-0&#8243; width=&#8221;1\/3&#8243; rsclass=&#8221;clean&#8221;][vc_custom_heading text=&#8221;Kontakt&#8221; font_container=&#8221;tag:h5|text_align:left&#8221; use_theme_fonts=&#8221;yes&#8221; rs_decor_place=&#8221;2&#8243; rsouter=&#8221;title-wrap&#8221; el_class=&#8221;pt-0&#8243;]<\/p>\n<div class=\"h-decor\"><\/div>\n<p>[\/vc_custom_heading][vc_column_text rsclass=&#8221;clean&#8221;]<\/p>\n<ul class=\"icn-list-lg\">\n<li>[medin_icon icon=&#8221;icon-telephone-1&#8243;]Telefon: <span class=\"theme-color\"><span class=\"text-nowrap\">84-641-37-07<\/span><\/span><\/li>\n<li>[medin_icon icon=&#8221;icon-black-envelope&#8221;]<a href=\"mailto:pozradecznica@e-okulistyka.pl\">pozradecznica@e-okulistyka.pl<\/a><\/li>\n<\/ul>\n<p><span style=\"color: #f6f7f9;\">kontakt<\/span><\/p>\n<p>[\/vc_column_text][\/vc_column_inner][vc_column_inner el_class=&#8221;col-md mt-3 mt-md-0&#8243; width=&#8221;1\/3&#8243; rsclass=&#8221;clean&#8221;][vc_custom_heading text=&#8221;Godziny&#8221; font_container=&#8221;tag:h5|text_align:left&#8221; use_theme_fonts=&#8221;yes&#8221; rs_decor_place=&#8221;2&#8243; rsouter=&#8221;title-wrap&#8221; el_class=&#8221;pt-0&#8243;]<\/p>\n<div class=\"h-decor\"><\/div>\n<p>[\/vc_custom_heading][vc_column_text rsclass=&#8221;clean&#8221;]<\/p>\n<ul class=\"icn-list-lg\">\n<li>[medin_icon icon=&#8221;icon-icon-3&#8243;]\n<div>\n<div class=\"d-flex\">Poniedzia\u0142ek &#8211; Pi\u0105tek<span class=\"ml-auto theme-color\">8:00 &#8211; 15:00<\/span><\/div>\n<div class=\"d-flex\">Sobota<span class=\"ml-auto theme-color\">nieczynne<\/span><\/div>\n<div class=\"d-flex\">Niedziela<span class=\"ml-auto theme-color\">nieczynne<\/span><\/div>\n<\/div>\n<\/li>\n<\/ul>\n<p>[\/vc_column_text][\/vc_column_inner][\/vc_row_inner][vc_empty_space][vc_separator color=&#8221;sky&#8221; border_width=&#8221;2&#8243; css_animation=&#8221;none&#8221;][vc_empty_space][\/vc_column][\/vc_row][vc_row content_placement=&#8221;middle&#8221; css=&#8221;.vc_custom_1620471879748{margin-top: 20px !important;margin-bottom: 20px !important;}&#8221; el_id=&#8221;oljd&#8221;][vc_column][vc_custom_heading text=&#8221;Oddzia\u0142y Szpitalne&#8221; font_container=&#8221;tag:h2|text_align:center&#8221; use_theme_fonts=&#8221;yes&#8221; rs_decor_place=&#8221;2&#8243;][\/vc_custom_heading][\/vc_column][\/vc_row][vc_row rsclass=&#8221;clean&#8221; el_class=&#8221;section mt-0 bg-grey&#8221;][vc_column rsclass=&#8221;clean&#8221; el_class=&#8221;container&#8221;][vc_row_inner rsclass=&#8221;clean&#8221; el_class=&#8221;row&#8221;][vc_column_inner el_class=&#8221;col-md&#8221; width=&#8221;1\/3&#8243; rsclass=&#8221;clean&#8221;][vc_custom_heading text=&#8221;Rejestracja Zabiegowa&#8221; font_container=&#8221;tag:h5|text_align:left&#8221; use_theme_fonts=&#8221;yes&#8221; rs_decor_place=&#8221;2&#8243; rsouter=&#8221;title-wrap&#8221; el_class=&#8221;pt-0&#8243;]<\/p>\n<div class=\"h-decor\"><\/div>\n<p>[\/vc_custom_heading][vc_column_text rsclass=&#8221;clean&#8221;]<\/p>\n<ul class=\"icn-list-lg\">\n<li>[medin_icon icon=&#8221;icon-placeholder-for-map-1&#8243;]ul. Pi\u0142sudskiego 65B, 23-100 Bychawa<\/li>\n<\/ul>\n<p>[\/vc_column_text][\/vc_column_inner][vc_column_inner el_class=&#8221;col-md mt-3 mt-md-0&#8243; width=&#8221;1\/3&#8243; rsclass=&#8221;clean&#8221;][vc_custom_heading text=&#8221;Kontakt&#8221; font_container=&#8221;tag:h5|text_align:left&#8221; use_theme_fonts=&#8221;yes&#8221; rs_decor_place=&#8221;2&#8243; rsouter=&#8221;title-wrap&#8221; el_class=&#8221;pt-0&#8243;]<\/p>\n<div class=\"h-decor\"><\/div>\n<p>[\/vc_custom_heading][vc_column_text rsclass=&#8221;clean&#8221;]<\/p>\n<ul class=\"icn-list-lg\">\n<li>[medin_icon icon=&#8221;icon-telephone-1&#8243;]Telefon ws. zabieg\u00f3w: <span class=\"theme-color\"><span class=\"text-nowrap\">601-361-360 w godz. 9:00 &#8211; 12:00<\/span><\/span><\/li>\n<li>[medin_icon icon=&#8221;icon-black-envelope&#8221;]<a href=\"mailto:rejestracja@e-okulistyka.pl\">rejestracja@e-okulistyka.pl<\/a><\/li>\n<\/ul>\n<p>&nbsp;<\/p>\n<p>[\/vc_column_text][\/vc_column_inner][vc_column_inner el_class=&#8221;col-md mt-3 mt-md-0&#8243; width=&#8221;1\/3&#8243; rsclass=&#8221;clean&#8221;][vc_custom_heading text=&#8221;Godziny&#8221; font_container=&#8221;tag:h5|text_align:left&#8221; use_theme_fonts=&#8221;yes&#8221; rs_decor_place=&#8221;2&#8243; rsouter=&#8221;title-wrap&#8221; el_class=&#8221;pt-0&#8243;]<\/p>\n<div class=\"h-decor\"><\/div>\n<p>[\/vc_custom_heading][vc_column_text rsclass=&#8221;clean&#8221;]<\/p>\n<ul class=\"icn-list-lg\">\n<li>[medin_icon icon=&#8221;icon-icon-3&#8243;]\n<div>\n<div class=\"d-flex\">Poniedzia\u0142ek &#8211; Pi\u0105tek<span class=\"ml-auto theme-color\">9:00 &#8211; 15:00<\/span><\/div>\n<div class=\"d-flex\">Sobota<span class=\"ml-auto theme-color\">nieczynne<\/span><\/div>\n<div class=\"d-flex\">Niedziela<span class=\"ml-auto theme-color\">nieczynne<\/span><\/div>\n<\/div>\n<\/li>\n<\/ul>\n<p>[\/vc_column_text][\/vc_column_inner][\/vc_row_inner][vc_empty_space][vc_separator color=&#8221;sky&#8221; border_width=&#8221;2&#8243; css_animation=&#8221;none&#8221;][vc_empty_space][vc_row_inner rsclass=&#8221;clean&#8221; el_class=&#8221;row&#8221;][vc_column_inner el_class=&#8221;col-md&#8221; width=&#8221;1\/3&#8243; rsclass=&#8221;clean&#8221;][vc_custom_heading text=&#8221;Oddzia\u0142 Leczenia Jednego Dnia&#8221; font_container=&#8221;tag:h5|text_align:left&#8221; use_theme_fonts=&#8221;yes&#8221; rs_decor_place=&#8221;2&#8243; rsouter=&#8221;title-wrap&#8221; el_class=&#8221;pt-0&#8243;]<\/p>\n<div class=\"h-decor\"><\/div>\n<p>[\/vc_custom_heading][vc_column_text rsclass=&#8221;clean&#8221;]<\/p>\n<ul class=\"icn-list-lg\">\n<li>[medin_icon icon=&#8221;icon-placeholder-for-map-1&#8243;]ul. Pi\u0142sudskiego 30, 23-100 Bychawa<\/li>\n<\/ul>\n<p>[\/vc_column_text][\/vc_column_inner][vc_column_inner el_class=&#8221;col-md mt-3 mt-md-0&#8243; width=&#8221;1\/3&#8243; rsclass=&#8221;clean&#8221;][vc_custom_heading text=&#8221;Kontakt&#8221; font_container=&#8221;tag:h5|text_align:left&#8221; use_theme_fonts=&#8221;yes&#8221; rs_decor_place=&#8221;2&#8243; rsouter=&#8221;title-wrap&#8221; el_class=&#8221;pt-0&#8243;]<\/p>\n<div class=\"h-decor\"><\/div>\n<p>[\/vc_custom_heading][vc_column_text rsclass=&#8221;clean&#8221;]<\/p>\n<ul class=\"icn-list-lg\">\n<li>[medin_icon icon=&#8221;icon-telephone-1&#8243;]Telefon ws. zabieg\u00f3w: <span class=\"theme-color\"><span class=\"text-nowrap\">601-361-360 w godz. 9:00 &#8211; 12:00<\/span><\/span><\/li>\n<li>[medin_icon icon=&#8221;icon-black-envelope&#8221;]<a href=\"mailto:rejestracja@e-okulistyka.pl\">rejestracja@e-okulistyka.pl<\/a><\/li>\n<\/ul>\n<p>&nbsp;<\/p>\n<p>[\/vc_column_text][\/vc_column_inner][vc_column_inner el_class=&#8221;col-md mt-3 mt-md-0&#8243; width=&#8221;1\/3&#8243; rsclass=&#8221;clean&#8221;][vc_custom_heading text=&#8221;Godziny&#8221; font_container=&#8221;tag:h5|text_align:left&#8221; use_theme_fonts=&#8221;yes&#8221; rs_decor_place=&#8221;2&#8243; rsouter=&#8221;title-wrap&#8221; el_class=&#8221;pt-0&#8243;]<\/p>\n<div class=\"h-decor\"><\/div>\n<p>[\/vc_custom_heading][vc_column_text rsclass=&#8221;clean&#8221;]<\/p>\n<ul class=\"icn-list-lg\">\n<li>[medin_icon icon=&#8221;icon-icon-3&#8243;]\n<div>\n<div class=\"d-flex\">Poniedzia\u0142ek &#8211; Niedziela<\/div>\n<\/div>\n<\/li>\n<\/ul>\n<p>[\/vc_column_text][\/vc_column_inner][\/vc_row_inner][vc_empty_space][vc_separator color=&#8221;sky&#8221; border_width=&#8221;2&#8243; css_animation=&#8221;none&#8221;][vc_empty_space][vc_row_inner rsclass=&#8221;clean&#8221; el_class=&#8221;row&#8221;][vc_column_inner el_class=&#8221;col-md&#8221; width=&#8221;1\/3&#8243; rsclass=&#8221;clean&#8221;][vc_custom_heading text=&#8221;Oddzia\u0142 Leczenia Jednego Dnia&#8221; font_container=&#8221;tag:h5|text_align:left&#8221; use_theme_fonts=&#8221;yes&#8221; rs_decor_place=&#8221;2&#8243; rsouter=&#8221;title-wrap&#8221; el_class=&#8221;pt-0&#8243;]<\/p>\n<div class=\"h-decor\"><\/div>\n<p>[\/vc_custom_heading][vc_column_text rsclass=&#8221;clean&#8221;]<\/p>\n<ul class=\"icn-list-lg\">\n<li>[medin_icon icon=&#8221;icon-placeholder-for-map-1&#8243;]ul. Wyspia\u0144skiego 23, 22-600 Tomasz\u00f3w Lubelski<\/li>\n<\/ul>\n<p>[\/vc_column_text][\/vc_column_inner][vc_column_inner el_class=&#8221;col-md mt-3 mt-md-0&#8243; width=&#8221;1\/3&#8243; rsclass=&#8221;clean&#8221;][vc_custom_heading text=&#8221;Kontakt&#8221; font_container=&#8221;tag:h5|text_align:left&#8221; use_theme_fonts=&#8221;yes&#8221; rs_decor_place=&#8221;2&#8243; rsouter=&#8221;title-wrap&#8221; el_class=&#8221;pt-0&#8243;]<\/p>\n<div class=\"h-decor\"><\/div>\n<p>[\/vc_custom_heading][vc_column_text rsclass=&#8221;clean&#8221;]<\/p>\n<ul class=\"icn-list-lg\">\n<li>[medin_icon icon=&#8221;icon-telephone-1&#8243;]Telefon ws. zabieg\u00f3w: <span class=\"theme-color\"><span class=\"text-nowrap\">601-361-360 w godz. 9:00 &#8211; 12:00<\/span><\/span><\/li>\n<li>[medin_icon icon=&#8221;icon-black-envelope&#8221;]<a href=\"mailto:rejestracja@e-okulistyka.pl\">rejestracja@e-okulistyka.pl<\/a><\/li>\n<\/ul>\n<p>&nbsp;<\/p>\n<p>[\/vc_column_text][\/vc_column_inner][vc_column_inner el_class=&#8221;col-md mt-3 mt-md-0&#8243; width=&#8221;1\/3&#8243; rsclass=&#8221;clean&#8221;][vc_custom_heading text=&#8221;Godziny&#8221; font_container=&#8221;tag:h5|text_align:left&#8221; use_theme_fonts=&#8221;yes&#8221; rs_decor_place=&#8221;2&#8243; rsouter=&#8221;title-wrap&#8221; el_class=&#8221;pt-0&#8243;]<\/p>\n<div class=\"h-decor\"><\/div>\n<p>[\/vc_custom_heading][vc_column_text rsclass=&#8221;clean&#8221;]<\/p>\n<ul class=\"icn-list-lg\">\n<li>[medin_icon icon=&#8221;icon-icon-3&#8243;]\n<div>\n<div class=\"d-flex\">Poniedzia\u0142ek &#8211; Niedziela<\/div>\n<\/div>\n<\/li>\n<\/ul>\n<p>[\/vc_column_text][\/vc_column_inner][\/vc_row_inner][vc_empty_space][vc_separator color=&#8221;sky&#8221; border_width=&#8221;2&#8243; css_animation=&#8221;none&#8221;][vc_empty_space][vc_row_inner rsclass=&#8221;clean&#8221; el_class=&#8221;row&#8221;][vc_column_inner el_class=&#8221;col-md&#8221; width=&#8221;1\/3&#8243; rsclass=&#8221;clean&#8221;][vc_custom_heading text=&#8221;Oddzia\u0142 Leczenia Jednego Dnia&#8221; font_container=&#8221;tag:h5|text_align:left&#8221; use_theme_fonts=&#8221;yes&#8221; rs_decor_place=&#8221;2&#8243; rsouter=&#8221;title-wrap&#8221; el_class=&#8221;pt-0&#8243;]<\/p>\n<div class=\"h-decor\"><\/div>\n<p>[\/vc_custom_heading][vc_column_text rsclass=&#8221;clean&#8221;]<\/p>\n<ul class=\"icn-list-lg\">\n<li>[medin_icon icon=&#8221;icon-placeholder-for-map-1&#8243;]ul. Na\u0142kowskich 107A\/3, 20-470 Lublin<\/li>\n<\/ul>\n<p>[\/vc_column_text][\/vc_column_inner][vc_column_inner el_class=&#8221;col-md mt-3 mt-md-0&#8243; width=&#8221;1\/3&#8243; rsclass=&#8221;clean&#8221;][vc_custom_heading text=&#8221;Kontakt&#8221; font_container=&#8221;tag:h5|text_align:left&#8221; use_theme_fonts=&#8221;yes&#8221; rs_decor_place=&#8221;2&#8243; rsouter=&#8221;title-wrap&#8221; el_class=&#8221;pt-0&#8243;]<\/p>\n<div class=\"h-decor\"><\/div>\n<p>[\/vc_custom_heading][vc_column_text rsclass=&#8221;clean&#8221;]<\/p>\n<ul class=\"icn-list-lg\">\n<li>[medin_icon icon=&#8221;icon-telephone-1&#8243;]Telefon ws. zabieg\u00f3w: <span class=\"theme-color\"><span class=\"text-nowrap\">601-361-360 w godz. 9:00 &#8211; 12:00<\/span><\/span><\/li>\n<li>[medin_icon icon=&#8221;icon-black-envelope&#8221;]<a href=\"mailto:rejestracja@oko.you2.pl\">rejestracja@e-okulistyka.pl<\/a><\/li>\n<\/ul>\n<p>&nbsp;<\/p>\n<p>[\/vc_column_text][\/vc_column_inner][vc_column_inner el_class=&#8221;col-md mt-3 mt-md-0&#8243; width=&#8221;1\/3&#8243; rsclass=&#8221;clean&#8221;][vc_custom_heading text=&#8221;Godziny&#8221; font_container=&#8221;tag:h5|text_align:left&#8221; use_theme_fonts=&#8221;yes&#8221; rs_decor_place=&#8221;2&#8243; rsouter=&#8221;title-wrap&#8221; el_class=&#8221;pt-0&#8243;]<\/p>\n<div class=\"h-decor\"><\/div>\n<p>[\/vc_custom_heading][vc_column_text rsclass=&#8221;clean&#8221;]<\/p>\n<ul class=\"icn-list-lg\">\n<li>[medin_icon icon=&#8221;icon-icon-3&#8243;]\n<div>\n<div class=\"d-flex\">Poniedzia\u0142ek &#8211; Niedziela<\/div>\n<\/div>\n<\/li>\n<\/ul>\n<p>[\/vc_column_text][\/vc_column_inner][\/vc_row_inner][vc_empty_space][vc_separator color=&#8221;sky&#8221; border_width=&#8221;2&#8243; css_animation=&#8221;none&#8221;][vc_empty_space][\/vc_column][\/vc_row][vc_row content_placement=&#8221;middle&#8221; el_id=&#8221;optyk&#8221; css=&#8221;.vc_custom_1620472008923{margin-top: 20px !important;margin-bottom: 20px !important;}&#8221;][vc_column][vc_custom_heading text=&#8221;Salony Optyczne&#8221; font_container=&#8221;tag:h2|text_align:center&#8221; use_theme_fonts=&#8221;yes&#8221; rs_decor_place=&#8221;2&#8243;][\/vc_custom_heading][\/vc_column][\/vc_row][vc_row rsclass=&#8221;clean&#8221; el_class=&#8221;section mt-0 bg-grey&#8221;][vc_column rsclass=&#8221;clean&#8221; el_class=&#8221;container&#8221;][vc_row_inner rsclass=&#8221;clean&#8221; el_class=&#8221;row&#8221;][vc_column_inner el_class=&#8221;col-md&#8221; width=&#8221;1\/3&#8243; rsclass=&#8221;clean&#8221;][vc_custom_heading text=&#8221;Salon Optyczny VISUS &#8211; Piotr Szalewski&#8221; font_container=&#8221;tag:h5|text_align:left&#8221; use_theme_fonts=&#8221;yes&#8221; rs_decor_place=&#8221;2&#8243; rsouter=&#8221;title-wrap&#8221; el_class=&#8221;pt-0&#8243;]<\/p>\n<div class=\"h-decor\"><\/div>\n<p>[\/vc_custom_heading][vc_column_text rsclass=&#8221;clean&#8221;]<\/p>\n<ul class=\"icn-list-lg\">\n<li>[medin_icon icon=&#8221;icon-placeholder-for-map-1&#8243;]ul. Pi\u0142sudskiego 63 (I pi\u0119tro), 23-100 Bychawa<\/li>\n<\/ul>\n<p>[\/vc_column_text][\/vc_column_inner][vc_column_inner el_class=&#8221;col-md mt-3 mt-md-0&#8243; width=&#8221;1\/3&#8243; rsclass=&#8221;clean&#8221;][vc_custom_heading text=&#8221;Kontakt&#8221; font_container=&#8221;tag:h5|text_align:left&#8221; use_theme_fonts=&#8221;yes&#8221; rs_decor_place=&#8221;2&#8243; rsouter=&#8221;title-wrap&#8221; el_class=&#8221;pt-0&#8243;]<\/p>\n<div class=\"h-decor\"><\/div>\n<p>[\/vc_custom_heading][vc_column_text rsclass=&#8221;clean&#8221;]<\/p>\n<ul class=\"icn-list-lg\">\n<li>[medin_icon icon=&#8221;icon-telephone-1&#8243;]Telefon: <span class=\"theme-color\"><span class=\"text-nowrap\">533-469-538<\/span><\/span><\/li>\n<li>[medin_icon icon=&#8221;icon-black-envelope&#8221;]<a href=\"mailto:optyk.bychawa@e-okulistyka.pl\">optyk.bychawa@e-okulistyka.pl<\/a><\/li>\n<\/ul>\n<p>[\/vc_column_text][\/vc_column_inner][vc_column_inner el_class=&#8221;col-md mt-3 mt-md-0&#8243; width=&#8221;1\/3&#8243; rsclass=&#8221;clean&#8221;][vc_custom_heading text=&#8221;Godziny&#8221; font_container=&#8221;tag:h5|text_align:left&#8221; use_theme_fonts=&#8221;yes&#8221; rs_decor_place=&#8221;2&#8243; rsouter=&#8221;title-wrap&#8221; el_class=&#8221;pt-0&#8243;]<\/p>\n<div class=\"h-decor\"><\/div>\n<p>[\/vc_custom_heading][vc_column_text rsclass=&#8221;clean&#8221;]<\/p>\n<ul class=\"icn-list-lg\">\n<li>[medin_icon icon=&#8221;icon-icon-3&#8243;]\n<div>\n<div class=\"d-flex\">Poniedzia\u0142ek &#8211; Pi\u0105tek<span class=\"ml-auto theme-color\">8:00 &#8211; 15:00<\/span><\/div>\n<div class=\"d-flex\">Sobota<span class=\"ml-auto theme-color\">nieczynne<\/span><\/div>\n<div class=\"d-flex\">Niedziela<span class=\"ml-auto theme-color\">nieczynne<\/span><\/div>\n<\/div>\n<\/li>\n<\/ul>\n<p>[\/vc_column_text][\/vc_column_inner][\/vc_row_inner][vc_empty_space][vc_separator color=&#8221;sky&#8221; border_width=&#8221;2&#8243; css_animation=&#8221;none&#8221;][vc_empty_space][vc_row_inner rsclass=&#8221;clean&#8221; el_class=&#8221;row&#8221;][vc_column_inner el_class=&#8221;col-md&#8221; width=&#8221;1\/3&#8243; rsclass=&#8221;clean&#8221;][vc_custom_heading text=&#8221;Salon Optyczny VISUS &#8211; Piotr Szalewski&#8221; font_container=&#8221;tag:h5|text_align:left&#8221; use_theme_fonts=&#8221;yes&#8221; rs_decor_place=&#8221;2&#8243; rsouter=&#8221;title-wrap&#8221; el_class=&#8221;pt-0&#8243;]<\/p>\n<div class=\"h-decor\"><\/div>\n<p>[\/vc_custom_heading][vc_column_text rsclass=&#8221;clean&#8221;]<\/p>\n<ul class=\"icn-list-lg\">\n<li>[medin_icon icon=&#8221;icon-placeholder-for-map-1&#8243;]ul. Wyspia\u0144skiego 23, 22-600 Tomasz\u00f3w Lubelski<\/li>\n<\/ul>\n<p>[\/vc_column_text][\/vc_column_inner][vc_column_inner el_class=&#8221;col-md mt-3 mt-md-0&#8243; width=&#8221;1\/3&#8243; rsclass=&#8221;clean&#8221;][vc_custom_heading text=&#8221;Kontakt&#8221; font_container=&#8221;tag:h5|text_align:left&#8221; use_theme_fonts=&#8221;yes&#8221; rs_decor_place=&#8221;2&#8243; rsouter=&#8221;title-wrap&#8221; el_class=&#8221;pt-0&#8243;]<\/p>\n<div class=\"h-decor\"><\/div>\n<p>[\/vc_custom_heading][vc_column_text rsclass=&#8221;clean&#8221;]<\/p>\n<ul class=\"icn-list-lg\">\n<li>[medin_icon icon=&#8221;icon-telephone-1&#8243;]Telefon:\u00a0<span class=\"theme-color\"><span class=\"text-nowrap\">84-641-37-09<\/span><\/span><\/li>\n<li>[medin_icon icon=&#8221;icon-black-envelope&#8221;]<a href=\"mailto:optyk.tomaszowlubelski@e-okulistyka.pl\">optyk.tomaszowlubelski@e-okulistyka.pl<\/a><\/li>\n<\/ul>\n<p>[\/vc_column_text][\/vc_column_inner][vc_column_inner el_class=&#8221;col-md mt-3 mt-md-0&#8243; width=&#8221;1\/3&#8243; rsclass=&#8221;clean&#8221;][vc_custom_heading text=&#8221;Godziny&#8221; font_container=&#8221;tag:h5|text_align:left&#8221; use_theme_fonts=&#8221;yes&#8221; rs_decor_place=&#8221;2&#8243; rsouter=&#8221;title-wrap&#8221; el_class=&#8221;pt-0&#8243;]<\/p>\n<div class=\"h-decor\"><\/div>\n<p>[\/vc_custom_heading][vc_column_text rsclass=&#8221;clean&#8221;]<\/p>\n<ul class=\"icn-list-lg\">\n<li>[medin_icon icon=&#8221;icon-icon-3&#8243;]\n<div>\n<div class=\"d-flex\">Poniedzia\u0142ek<span class=\"ml-auto theme-color\">7:30 &#8211; 15:30<\/span><\/div>\n<div class=\"d-flex\">Wtorek<span class=\"ml-auto theme-color\">7:30 &#8211; 15:30<\/span><\/div>\n<div class=\"d-flex\">\u015aroda<span class=\"ml-auto theme-color\">7:30 &#8211; 18:00<\/span><\/div>\n<div class=\"d-flex\">Czwartek<span class=\"ml-auto theme-color\">7:30 &#8211; 15:30<\/span><\/div>\n<div class=\"d-flex\">Pi\u0105tek<span class=\"ml-auto theme-color\">7:30 &#8211; 15:30<\/span><\/div>\n<div class=\"d-flex\">Sobota<span class=\"ml-auto theme-color\">nieczynne<\/span><\/div>\n<div class=\"d-flex\">Niedziela<span class=\"ml-auto theme-color\">nieczynne<\/span><\/div>\n<\/div>\n<\/li>\n<\/ul>\n<p>&nbsp;<\/p>\n<p>[\/vc_column_text][\/vc_column_inner][\/vc_row_inner][vc_empty_space][vc_separator color=&#8221;sky&#8221; border_width=&#8221;2&#8243; css_animation=&#8221;none&#8221;][vc_empty_space][vc_row_inner rsclass=&#8221;clean&#8221; el_class=&#8221;row&#8221;][vc_column_inner el_class=&#8221;col-md&#8221; width=&#8221;1\/3&#8243; rsclass=&#8221;clean&#8221;][vc_custom_heading text=&#8221;Salon Optyczny VISUS &#8211; Piotr Szalewski&#8221; font_container=&#8221;tag:h5|text_align:left&#8221; use_theme_fonts=&#8221;yes&#8221; rs_decor_place=&#8221;2&#8243; rsouter=&#8221;title-wrap&#8221; el_class=&#8221;pt-0&#8243;]<\/p>\n<div class=\"h-decor\"><\/div>\n<p>[\/vc_custom_heading][vc_column_text rsclass=&#8221;clean&#8221;]<\/p>\n<ul class=\"icn-list-lg\">\n<li>[medin_icon icon=&#8221;icon-placeholder-for-map-1&#8243;]ul. Rado\u015bci 9\/5a, 20-530 Lublin<\/li>\n<\/ul>\n<p>[\/vc_column_text][\/vc_column_inner][vc_column_inner el_class=&#8221;col-md mt-3 mt-md-0&#8243; width=&#8221;1\/3&#8243; rsclass=&#8221;clean&#8221;][vc_custom_heading text=&#8221;Kontakt&#8221; font_container=&#8221;tag:h5|text_align:left&#8221; use_theme_fonts=&#8221;yes&#8221; rs_decor_place=&#8221;2&#8243; rsouter=&#8221;title-wrap&#8221; el_class=&#8221;pt-0&#8243;]<\/p>\n<div class=\"h-decor\"><\/div>\n<p>[\/vc_custom_heading][vc_column_text rsclass=&#8221;clean&#8221;]<\/p>\n<ul class=\"icn-list-lg\">\n<li>[medin_icon icon=&#8221;icon-telephone-1&#8243;]Telefon: <span class=\"theme-color\"><span class=\"text-nowrap\">81-744-02-72<\/span><\/span><\/li>\n<li>[medin_icon icon=&#8221;icon-black-envelope&#8221;]<a href=\"mailto:optyk.radosci@e-okulistyka.pl\">optyk.radosci@e-okulistyka.pl<\/a><\/li>\n<\/ul>\n<p>[\/vc_column_text][\/vc_column_inner][vc_column_inner el_class=&#8221;col-md mt-3 mt-md-0&#8243; width=&#8221;1\/3&#8243; rsclass=&#8221;clean&#8221;][vc_custom_heading text=&#8221;Godziny&#8221; font_container=&#8221;tag:h5|text_align:left&#8221; use_theme_fonts=&#8221;yes&#8221; rs_decor_place=&#8221;2&#8243; rsouter=&#8221;title-wrap&#8221; el_class=&#8221;pt-0&#8243;]<\/p>\n<div class=\"h-decor\"><\/div>\n<p>[\/vc_custom_heading][vc_column_text rsclass=&#8221;clean&#8221;]<\/p>\n<ul class=\"icn-list-lg\">\n<li>[medin_icon icon=&#8221;icon-icon-3&#8243;]\n<div>\n<div class=\"d-flex\">Poniedzia\u0142ek &#8211; Pi\u0105tek<span class=\"ml-auto theme-color\">8:00 &#8211; 18:00<\/span><\/div>\n<div class=\"d-flex\">Sobota<span class=\"ml-auto theme-color\">nieczynne<\/span><\/div>\n<div class=\"d-flex\">Niedziela<span class=\"ml-auto theme-color\">nieczynne<\/span><\/div>\n<\/div>\n<\/li>\n<\/ul>\n<p>[\/vc_column_text][\/vc_column_inner][\/vc_row_inner][vc_empty_space][vc_separator color=&#8221;sky&#8221; border_width=&#8221;2&#8243; css_animation=&#8221;none&#8221;][vc_separator color=&#8221;sky&#8221; border_width=&#8221;2&#8243; css_animation=&#8221;none&#8221;][vc_empty_space][vc_row_inner rsclass=&#8221;clean&#8221; el_class=&#8221;row&#8221;][vc_column_inner el_class=&#8221;col-md&#8221; width=&#8221;1\/3&#8243; rsclass=&#8221;clean&#8221;][vc_custom_heading text=&#8221;Salon Optyczny VISUS &#8211; Piotr Szalewski&#8221; font_container=&#8221;tag:h5|text_align:left&#8221; use_theme_fonts=&#8221;yes&#8221; rs_decor_place=&#8221;2&#8243; rsouter=&#8221;title-wrap&#8221; el_class=&#8221;pt-0&#8243;]<\/p>\n<div class=\"h-decor\"><\/div>\n<p>[\/vc_custom_heading][vc_column_text rsclass=&#8221;clean&#8221;]<\/p>\n<ul class=\"icn-list-lg\">\n<li>[medin_icon icon=&#8221;icon-placeholder-for-map-1&#8243;]ul. Ko\u015bcielna 136, 21-200 Parczew<\/li>\n<\/ul>\n<p>[\/vc_column_text][\/vc_column_inner][vc_column_inner el_class=&#8221;col-md mt-3 mt-md-0&#8243; width=&#8221;1\/3&#8243; rsclass=&#8221;clean&#8221;][vc_custom_heading text=&#8221;Kontakt&#8221; font_container=&#8221;tag:h5|text_align:left&#8221; use_theme_fonts=&#8221;yes&#8221; rs_decor_place=&#8221;2&#8243; rsouter=&#8221;title-wrap&#8221; el_class=&#8221;pt-0&#8243;]<\/p>\n<div class=\"h-decor\"><\/div>\n<p>[\/vc_custom_heading][vc_column_text rsclass=&#8221;clean&#8221;]<\/p>\n<ul class=\"icn-list-lg\">\n<li>[medin_icon icon=&#8221;icon-telephone-1&#8243;]Telefon: <span class=\"theme-color\"><span class=\"text-nowrap\">83-355-21-90<\/span><\/span><\/li>\n<li>[medin_icon icon=&#8221;icon-black-envelope&#8221;]<a href=\"mailto:optyk.parczew@e-okulistyka.pl\">optyk.parczew@e-okulistyka.pl<\/a><\/li>\n<\/ul>\n<p>[\/vc_column_text][\/vc_column_inner][vc_column_inner el_class=&#8221;col-md mt-3 mt-md-0&#8243; width=&#8221;1\/3&#8243; rsclass=&#8221;clean&#8221;][vc_custom_heading text=&#8221;Godziny&#8221; font_container=&#8221;tag:h5|text_align:left&#8221; use_theme_fonts=&#8221;yes&#8221; rs_decor_place=&#8221;2&#8243; rsouter=&#8221;title-wrap&#8221; el_class=&#8221;pt-0&#8243;]<\/p>\n<div class=\"h-decor\"><\/div>\n<p>[\/vc_custom_heading][vc_column_text rsclass=&#8221;clean&#8221;]<\/p>\n<ul class=\"icn-list-lg\">\n<li>[medin_icon icon=&#8221;icon-icon-3&#8243;]\n<div>\n<div class=\"d-flex\">Poniedzia\u0142ek<span class=\"ml-auto theme-color\">9:00 &#8211; 15:00<\/span><\/div>\n<div class=\"d-flex\">Wtorek<span class=\"ml-auto theme-color\">8:00 &#8211; 14:00<\/span><\/div>\n<div class=\"d-flex\">\u015aroda<span class=\"ml-auto theme-color\">7:00 &#8211; 13:00<\/span><\/div>\n<div class=\"d-flex\">Czwartek<span class=\"ml-auto theme-color\">8:00 &#8211; 14:00<\/span><\/div>\n<div class=\"d-flex\">Pi\u0105tek<span class=\"ml-auto theme-color\">8:00 &#8211; 14:00<\/span><\/div>\n<div class=\"d-flex\">Sobota<span class=\"ml-auto theme-color\">nieczynne<\/span><\/div>\n<div class=\"d-flex\">Niedziela<span class=\"ml-auto theme-color\">nieczynne<\/span><\/div>\n<\/div>\n<\/li>\n<\/ul>\n<p>[\/vc_column_text][\/vc_column_inner][\/vc_row_inner][vc_empty_space][vc_separator color=&#8221;sky&#8221; border_width=&#8221;2&#8243; css_animation=&#8221;none&#8221;][vc_empty_space][\/vc_column][\/vc_row][vc_row rsclass=&#8221;clean&#8221; el_class=&#8221;section&#8221; el_id=&#8221;formularz&#8221;][vc_column rsclass=&#8221;clean&#8221; el_class=&#8221;container&#8221;][vc_empty_space height=&#8221;64px&#8221;][vc_row_inner rsclass=&#8221;clean&#8221; el_class=&#8221;row&#8221;][vc_column_inner el_class=&#8221;col-md col-lg-5&#8243; width=&#8221;1\/2&#8243; rsclass=&#8221;clean&#8221; rsinner=&#8221;pr-0 pr-lg-8&#8243;][vc_custom_heading text=&#8221;Skontaktuj si\u0119 z nami&#8221; use_theme_fonts=&#8221;yes&#8221; rs_decor_place=&#8221;2&#8243; rsouter=&#8221;title-wrap&#8221;]<\/p>\n<div class=\"h-decor\"><\/div>\n<p>[\/vc_custom_heading][vc_column_text rsclass=&#8221;clean&#8221; el_class=&#8221;mt-3 tt_pt_3&#8243;]<\/p>\n<p class=\"tt_mb_20\">W przypadku pyta\u0144 wy\u015blij nam wiadomo\u015b\u0107, a my skontaktujemy si\u0119 z Tob\u0105 tak szybko jak to b\u0119dzie mo\u017cliwe. Wybierz odpowiedni temat rozmowy lub miejsce do kt\u00f3rego chcesz skierowa\u0107 zapytanie. Mo\u017cesz r\u00f3wnie\u017c zadzwoni\u0107 do nas bezpo\u015brednio, aby porozmawia\u0107 z rejestracj\u0105 wybranej plac\u00f3wki medycznej. Decyduje kolejno\u015b\u0107 zg\u0142osze\u0144.<\/p>\n<p>[\/vc_column_text][\/vc_column_inner][vc_column_inner el_class=&#8221;col-md col-lg-6 mt-4 mt-md-0&#8243; width=&#8221;1\/2&#8243; rsclass=&#8221;clean&#8221;][contact-form-7 id=&#8221;2182&#8243;][\/vc_column_inner][\/vc_row_inner][\/vc_column][\/vc_row]<\/p>\n","protected":false},"excerpt":{"rendered":"<p>[vc_row rsclass=&#8221;clean&#8221; el_class=&#8221;section mt-0 googlemap__contact&#8221;][vc_column rsclass=&#8221;clean&#8221;][vc_gmaps link=&#8221;#E-8_JTNDaWZyYW1lJTIwc3JjJTNEJTIyaHR0cHMlM0ElMkYlMkZ3d3cuZ29vZ2xlLmNvbSUyRm1hcHMlMkZkJTJGdSUyRjAlMkZlbWJlZCUzRm1pZCUzRDFKZFY2dUhBV1VEeTV5dUNpYlVKNzYzRHR2alJ1Vkl6MSUyMiUyMHdpZHRoJTNEJTIyNjAwJTIyJTIwaGVpZ2h0JTNEJTIyNTAwJTIyJTIwZnJhbWVib3JkZXIlM0QlMjIwJTIyJTIwc3R5bGUlM0QlMjJib3JkZXIlM0EwJTIyJTIwYWxsb3dmdWxsc2NyZWVuJTNFJTNDJTJGaWZyYW1lJTNF&#8221;][vc_empty_space][\/vc_column][\/vc_row][vc_row content_placement=&#8221;middle&#8221; css=&#8221;.vc_custom_1616261190858{padding-top: 20px !important;padding-bottom: 20px !important;}&#8221;][vc_column css_animation=&#8221;bounceInUp&#8221; width=&#8221;1\/5&#8243;][vc_custom_heading text=&#8221;Poradnie Specjalistyczne&#8221; font_container=&#8221;tag:h3|text_align:center&#8221; use_theme_fonts=&#8221;yes&#8221; css_animation=&#8221;none&#8221; rs_decor_place=&#8221;2&#8243;][\/vc_custom_heading][vc_column_text css_animation=&#8221;none&#8221;] Przejd\u017a do [\/vc_column_text][\/vc_column][vc_column css_animation=&#8221;bounceInUp&#8221; width=&#8221;1\/5&#8243;][vc_custom_heading text=&#8221;Poradnie POZ&#8221; font_container=&#8221;tag:h3|text_align:center&#8221; use_theme_fonts=&#8221;yes&#8221; css_animation=&#8221;none&#8221; rs_decor_place=&#8221;2&#8243;][\/vc_custom_heading][vc_column_text css_animation=&#8221;none&#8221;] Przejd\u017a do [\/vc_column_text][\/vc_column][vc_column css_animation=&#8221;bounceInUp&#8221; width=&#8221;1\/5&#8243;][vc_custom_heading text=&#8221;Oddzia\u0142y Szpitalne&#8221; font_container=&#8221;tag:h3|text_align:center&#8221; use_theme_fonts=&#8221;yes&#8221; css_animation=&#8221;none&#8221; rs_decor_place=&#8221;2&#8243;][\/vc_custom_heading][vc_column_text css_animation=&#8221;none&#8221;] Przejd\u017a do [\/vc_column_text][\/vc_column][vc_column css_animation=&#8221;bounceInUp&#8221; width=&#8221;1\/5&#8243;][vc_custom_heading text=&#8221;Salony Optyczne&#8221; font_container=&#8221;tag:h3|text_align:center&#8221; use_theme_fonts=&#8221;yes&#8221; [&hellip;]<\/p>\n","protected":false},"author":2,"featured_media":3619,"parent":0,"menu_order":11,"comment_status":"closed","ping_status":"closed","template":"custompagett.php","meta":{"footnotes":""},"class_list":["post-139","page","type-page","status-publish","has-post-thumbnail","hentry"],"_links":{"self":[{"href":"https:\/\/testtest.dfirma.pl\/index.php\/wp-json\/wp\/v2\/pages\/139","targetHints":{"allow":["GET"]}}],"collection":[{"href":"https:\/\/testtest.dfirma.pl\/index.php\/wp-json\/wp\/v2\/pages"}],"about":[{"href":"https:\/\/testtest.dfirma.pl\/index.php\/wp-json\/wp\/v2\/types\/page"}],"author":[{"embeddable":true,"href":"https:\/\/testtest.dfirma.pl\/index.php\/wp-json\/wp\/v2\/users\/2"}],"replies":[{"embeddable":true,"href":"https:\/\/testtest.dfirma.pl\/index.php\/wp-json\/wp\/v2\/comments?post=139"}],"version-history":[{"count":0,"href":"https:\/\/testtest.dfirma.pl\/index.php\/wp-json\/wp\/v2\/pages\/139\/revisions"}],"wp:featuredmedia":[{"embeddable":true,"href":"https:\/\/testtest.dfirma.pl\/index.php\/wp-json\/wp\/v2\/media\/3619"}],"wp:attachment":[{"href":"https:\/\/testtest.dfirma.pl\/index.php\/wp-json\/wp\/v2\/media?parent=139"}],"curies":[{"name":"wp","href":"https:\/\/api.w.org\/{rel}","templated":true}]}}